{"id":19050,"date":"2018-07-24T12:24:30","date_gmt":"2018-07-24T10:24:30","guid":{"rendered":"https:\/\/www.lacoifferie.ch\/?page_id=19050"},"modified":"2021-01-30T14:56:48","modified_gmt":"2021-01-30T12:56:48","slug":"kerasilk-by-goldwell-3","status":"publish","type":"page","link":"https:\/\/www.lacoifferie.ch\/?page_id=19050","title":{"rendered":"@Pure Pigments"},"content":{"rendered":"<div class=\"wpb-content-wrapper\"><div class=\"vc_row wpb_row section \" style=' text-align:left;'><div class=\" full_section_inner clearfix\"><div class=\"wpb_column vc_column_container vc_col-sm-12\"><div class=\"vc_column-inner\"><div class=\"wpb_wrapper\">\n\t<div class=\"wpb_text_column wpb_content_element \">\n\t\t<div class=\"wpb_wrapper\">\n\t\t\t<h3 style=\"text-align: center;\">@PURE PIGMENTS SERVICES<\/h3>\n<p class=\"bodytext\" style=\"text-align: center;\">D\u00c9COUVREZ UN UNIVERS INFINI\u00a0DE CR\u00c9ATIVIT\u00c9 COLORIELLE.<b><br \/>\nEn exclusivit\u00e9 \u00e0 La Coifferie<\/b><\/p>\n\n\t\t<\/div> \n\t<\/div> <div class=\"vc_empty_space\"   style=\"height: 20px\"><span class=\"vc_empty_space_inner\"><\/span><\/div>\n\t<div class=\"wpb_video_widget wpb_content_element vc_clearfix   vc_video-aspect-ratio-169 vc_video-el-width-100 vc_video-align-center\" >\n\t\t<div class=\"wpb_wrapper\">\n\t\t\t\n\t\t\t<div class=\"wpb_video_wrapper\"><iframe loading=\"lazy\" title=\"Goldwell Pure Pigments\" width=\"500\" height=\"281\" src=\"https:\/\/www.youtube.com\/embed\/9eEScaTi6rk?feature=oembed\" frameborder=\"0\" allow=\"accelerometer; autoplay; clipboard-write; encrypted-media; gyroscope; picture-in-picture; web-share\" referrerpolicy=\"strict-origin-when-cross-origin\" allowfullscreen><\/iframe><\/div>\n\t\t<\/div>\n\t<\/div>\n<div class=\"vc_empty_space\"   style=\"height: 20px\"><span class=\"vc_empty_space_inner\"><\/span><\/div>\n\t<div class=\"wpb_text_column wpb_content_element \">\n\t\t<div class=\"wpb_wrapper\">\n\t\t\t<div class=\"row text\">\n<div class=\"col-md-12\">\n<h3 style=\"text-align: center;\">LA COLORATION COMME VOUS NE L&rsquo;AVEZ JAMAIS V\u00c9CUE.<\/h3>\n<p class=\"bodytext\" style=\"text-align: center;\"><b>UNE TECHNOLOGIE R\u00c9VOLUTIONNAIRE AVEC\u00a0<\/b><b>@Pure Pigments<\/b><\/p>\n<p class=\"bodytext\" style=\"text-align: center;\">Les 6 tons ultra-concentr\u00e9s @Pure Pigments apportent un jeu de reflets color\u00e9s et une brillance uniques \u00e0 votre coloration Goldwell.<\/p>\n<\/div>\n<\/div>\n<div class=\"row text\">\n<div class=\"col-md-12\">\n<h3 style=\"text-align: center;\">ELUMENATED HAIR COLOR. BRILLANCE EN 3-D.<\/h3>\n<p class=\"bodytext\" style=\"text-align: center;\">Elumenated Hair Color est le r\u00e9sultat couleur obtenu par l\u2019utilisation des @Pure Pigments, ces additifs colorant qui parent les nuances Topchic, Colorance ou Nectaya d\u2019une aura de lumi\u00e8re incroyablement brillante. Cette superposition de couleurs cr\u00e9e un effet 3D fluctuant caract\u00e9ris\u00e9 par l\u2019intensit\u00e9 de ses reflets, qui se d\u00e9voilent et se transforment selon l\u2019impact de la lumi\u00e8re sur les cheveux.<\/p>\n<\/div>\n<\/div>\n\n\t\t<\/div> \n\t<\/div> <div class=\"vc_empty_space\"   style=\"height: 20px\"><span class=\"vc_empty_space_inner\"><\/span><\/div><\/div><\/div><\/div><\/div><\/div><div     class=\"vc_row wpb_row section \" style=' text-align:left;'><div class=\" full_section_inner clearfix\"><div class=\"wpb_column vc_column_container vc_col-sm-12\"><div class=\"vc_column-inner\"><div class=\"wpb_wrapper\">\n\t<div class=\"wpb_text_column wpb_content_element \">\n\t\t<div class=\"wpb_wrapper\">\n\t\t\t<h3 style=\"text-align: center;\">D\u00c9COUVREZ UN UNIVERS INFINI DE CR\u00c9ATIVIT\u00c9 COLORIELLE.<\/h3>\n\n\t\t<\/div> \n\t<\/div> <div class=\"vc_empty_space\"   style=\"height: 20px\"><span class=\"vc_empty_space_inner\"><\/span><\/div><\/div><\/div><\/div><\/div><\/div><div     class=\"vc_row wpb_row section \" style=' text-align:left;'><div class=\" full_section_inner clearfix\"><div class=\"wpb_column vc_column_container vc_col-sm-4\"><div class=\"vc_column-inner\"><div class=\"wpb_wrapper\">\n\t<div class=\"wpb_single_image wpb_content_element vc_align_center\">\n\t\t<div class=\"wpb_wrapper\">\n\t\t\t\n\t\t\t<div class=\"vc_single_image-wrapper   vc_box_border_grey\"><img loading=\"lazy\" decoding=\"async\" width=\"568\" height=\"568\" src=\"https:\/\/www.lacoifferie.ch\/new\/wp-content\/uploads\/2018\/07\/purepigments_servicepage_colormorphing_slideteaser01_left_2018a.jpg\" class=\"vc_single_image-img attachment-full\" alt=\"\" title=\"purepigments_servicepage_colormorphing_slideteaser01_left_2018a\" srcset=\"https:\/\/www.lacoifferie.ch\/new\/wp-content\/uploads\/2018\/07\/purepigments_servicepage_colormorphing_slideteaser01_left_2018a.jpg 568w, https:\/\/www.lacoifferie.ch\/new\/wp-content\/uploads\/2018\/07\/purepigments_servicepage_colormorphing_slideteaser01_left_2018a-150x150.jpg 150w, https:\/\/www.lacoifferie.ch\/new\/wp-content\/uploads\/2018\/07\/purepigments_servicepage_colormorphing_slideteaser01_left_2018a-300x300.jpg 300w, https:\/\/www.lacoifferie.ch\/new\/wp-content\/uploads\/2018\/07\/purepigments_servicepage_colormorphing_slideteaser01_left_2018a-85x85.jpg 85w, https:\/\/www.lacoifferie.ch\/new\/wp-content\/uploads\/2018\/07\/purepigments_servicepage_colormorphing_slideteaser01_left_2018a-550x550.jpg 550w\" sizes=\"auto, (max-width: 568px) 100vw, 568px\" \/><\/div>\n\t\t<\/div>\n\t<\/div>\n<\/div><\/div><\/div><div class=\"wpb_column vc_column_container vc_col-sm-4\"><div class=\"vc_column-inner\"><div class=\"wpb_wrapper\"><div class=\"vc_empty_space\"   style=\"height: 20px\"><span class=\"vc_empty_space_inner\"><\/span><\/div>\n\t<div class=\"wpb_text_column wpb_content_element \">\n\t\t<div class=\"wpb_wrapper\">\n\t\t\t<h2 style=\"text-align: center;\">COLOR MORPHING<\/h2>\n<h4 style=\"text-align: center;\">Le service d\u2019exception Elumenated Hair Color, signature de Goldwell<\/h4>\n<h4 style=\"text-align: center;\">Cr\u00e9ez des couleurs aux reflets iris\u00e9s, holographiques, qui \u00e9voluent et se transforment sous l\u2019effet de la lumi\u00e8re.\u00a0Ajoutez des pigments @Pure Pigments de diff\u00e9rentes couleurs pour cr\u00e9er de somptueux effets de couleur.<\/h4>\n\n\t\t<\/div> \n\t<\/div> <\/div><\/div><\/div><div class=\"wpb_column vc_column_container vc_col-sm-4\"><div class=\"vc_column-inner\"><div class=\"wpb_wrapper\">\n\t<div class=\"wpb_single_image wpb_content_element vc_align_center\">\n\t\t<div class=\"wpb_wrapper\">\n\t\t\t\n\t\t\t<div class=\"vc_single_image-wrapper   vc_box_border_grey\"><img loading=\"lazy\" decoding=\"async\" width=\"2364\" height=\"2364\" src=\"https:\/\/www.lacoifferie.ch\/new\/wp-content\/uploads\/2018\/07\/2018_Header-Insta-Ambassador-Salon.jpg\" class=\"vc_single_image-img attachment-full\" alt=\"\" title=\"2018_Header Insta Ambassador Salon\" srcset=\"https:\/\/www.lacoifferie.ch\/new\/wp-content\/uploads\/2018\/07\/2018_Header-Insta-Ambassador-Salon.jpg 2364w, https:\/\/www.lacoifferie.ch\/new\/wp-content\/uploads\/2018\/07\/2018_Header-Insta-Ambassador-Salon-150x150.jpg 150w, https:\/\/www.lacoifferie.ch\/new\/wp-content\/uploads\/2018\/07\/2018_Header-Insta-Ambassador-Salon-300x300.jpg 300w, https:\/\/www.lacoifferie.ch\/new\/wp-content\/uploads\/2018\/07\/2018_Header-Insta-Ambassador-Salon-768x768.jpg 768w, https:\/\/www.lacoifferie.ch\/new\/wp-content\/uploads\/2018\/07\/2018_Header-Insta-Ambassador-Salon-1024x1024.jpg 1024w, https:\/\/www.lacoifferie.ch\/new\/wp-content\/uploads\/2018\/07\/2018_Header-Insta-Ambassador-Salon-600x600.jpg 600w, https:\/\/www.lacoifferie.ch\/new\/wp-content\/uploads\/2018\/07\/2018_Header-Insta-Ambassador-Salon-85x85.jpg 85w, https:\/\/www.lacoifferie.ch\/new\/wp-content\/uploads\/2018\/07\/2018_Header-Insta-Ambassador-Salon-550x550.jpg 550w\" sizes=\"auto, (max-width: 2364px) 100vw, 2364px\" \/><\/div>\n\t\t<\/div>\n\t<\/div>\n<\/div><\/div><\/div><\/div><\/div><div     class=\"vc_row wpb_row section \" style=' text-align:left;'><div class=\" full_section_inner clearfix\"><div class=\"wpb_column vc_column_container vc_col-sm-12\"><div class=\"vc_column-inner\"><div class=\"wpb_wrapper\"><div class=\"vc_empty_space\"   style=\"height: 32px\"><span class=\"vc_empty_space_inner\"><\/span><\/div><\/div><\/div><\/div><\/div><\/div><div     class=\"vc_row wpb_row section \" style=' text-align:left;'><div class=\" full_section_inner clearfix\"><div class=\"wpb_column vc_column_container vc_col-sm-6\"><div class=\"vc_column-inner\"><div class=\"wpb_wrapper\">\n\t<div class=\"wpb_single_image wpb_content_element vc_align_center\">\n\t\t<div class=\"wpb_wrapper\">\n\t\t\t\n\t\t\t<div class=\"vc_single_image-wrapper   vc_box_border_grey\"><img loading=\"lazy\" decoding=\"async\" width=\"728\" height=\"473\" src=\"https:\/\/www.lacoifferie.ch\/new\/wp-content\/uploads\/2018\/07\/csm_purepigments_servicepage_productrange_m_teaser_2018_9c9001908a.jpg\" class=\"vc_single_image-img attachment-full\" alt=\"\" title=\"csm_purepigments_servicepage_productrange_m_teaser_2018_9c9001908a\" srcset=\"https:\/\/www.lacoifferie.ch\/new\/wp-content\/uploads\/2018\/07\/csm_purepigments_servicepage_productrange_m_teaser_2018_9c9001908a.jpg 728w, https:\/\/www.lacoifferie.ch\/new\/wp-content\/uploads\/2018\/07\/csm_purepigments_servicepage_productrange_m_teaser_2018_9c9001908a-300x195.jpg 300w, https:\/\/www.lacoifferie.ch\/new\/wp-content\/uploads\/2018\/07\/csm_purepigments_servicepage_productrange_m_teaser_2018_9c9001908a-600x390.jpg 600w\" sizes=\"auto, (max-width: 728px) 100vw, 728px\" \/><\/div>\n\t\t<\/div>\n\t<\/div>\n<\/div><\/div><\/div><div class=\"wpb_column vc_column_container vc_col-sm-6\"><div class=\"vc_column-inner\"><div class=\"wpb_wrapper\"><div class=\"vc_empty_space\"   style=\"height: 20px\"><span class=\"vc_empty_space_inner\"><\/span><\/div>\n\t<div class=\"wpb_text_column wpb_content_element \">\n\t\t<div class=\"wpb_wrapper\">\n\t\t\t<h3 style=\"text-align: center;\">VOUS ALLEZ RED\u00c9COUVRIR VOTRE COULEUR.<\/h3>\n<p class=\"bodytext\" style=\"text-align: center;\">Les tons Jaune Pur, Orange Pur, Rouge Pur et Violet Pur cr\u00e9ent des tonalit\u00e9s et des effets de couleurs vifs. Les tonalit\u00e9s Bleu Perl\u00e9 et Vert Mat adoucissent et neutralisent les reflets chauds ind\u00e9sirables.<\/p>\n\n\t\t<\/div> \n\t<\/div> <\/div><\/div><\/div><\/div><\/div><div     class=\"vc_row wpb_row section \" style=' text-align:left;'><div class=\" full_section_inner clearfix\"><div class=\"wpb_column vc_column_container vc_col-sm-12\"><div class=\"vc_column-inner\"><div class=\"wpb_wrapper\"><div class=\"vc_empty_space\"   style=\"height: 32px\"><span class=\"vc_empty_space_inner\"><\/span><\/div><\/div><\/div><\/div><\/div><\/div><div     class=\"vc_row wpb_row section \" style=' text-align:left;'><div class=\" full_section_inner clearfix\"><div class=\"wpb_column vc_column_container vc_col-sm-6\"><div class=\"vc_column-inner\"><div class=\"wpb_wrapper\"><div class=\"vc_empty_space\"   style=\"height: 20px\"><span class=\"vc_empty_space_inner\"><\/span><\/div>\n\t<div class=\"wpb_text_column wpb_content_element \">\n\t\t<div class=\"wpb_wrapper\">\n\t\t\t<h3 style=\"text-align: center;\">UN SYST\u00c8ME DE COLORATION CR\u00c9ATIF POUR DES POSSIBILIT\u00c9S ILLIMIT\u00c9ES.<\/h3>\n<p class=\"bodytext\" style=\"text-align: center;\">D\u00e9velopp\u00e9 pour agir en synergie avec les colorations Topchic, Colorance et Nectaya exclusivement, @Pure Pigments s\u2019int\u00e8gre tout simplement dans vos formules colorantes pr\u00e9f\u00e9r\u00e9es.<\/p>\n<p class=\"bodytext\" style=\"text-align: center;\">Cette combinaison parfaite r\u00e9volutionne les bases m\u00eames de la coloration et ouvre de nouvelles perspectives vers une approche plus cr\u00e9ative de la couleur et de la colorim\u00e9trie<\/p>\n\n\t\t<\/div> \n\t<\/div> <\/div><\/div><\/div><div class=\"wpb_column vc_column_container vc_col-sm-6\"><div class=\"vc_column-inner\"><div class=\"wpb_wrapper\">\n\t<div class=\"wpb_single_image wpb_content_element vc_align_center\">\n\t\t<div class=\"wpb_wrapper\">\n\t\t\t\n\t\t\t<div class=\"vc_single_image-wrapper   vc_box_border_grey\"><img loading=\"lazy\" decoding=\"async\" width=\"728\" height=\"473\" src=\"https:\/\/www.lacoifferie.ch\/new\/wp-content\/uploads\/2018\/07\/csm_purepigments_servicepage_product01_m_teaser_2018_a9ab4ea355.jpg\" class=\"vc_single_image-img attachment-full\" alt=\"\" title=\"csm_purepigments_servicepage_product01_m_teaser_2018_a9ab4ea355\" srcset=\"https:\/\/www.lacoifferie.ch\/new\/wp-content\/uploads\/2018\/07\/csm_purepigments_servicepage_product01_m_teaser_2018_a9ab4ea355.jpg 728w, https:\/\/www.lacoifferie.ch\/new\/wp-content\/uploads\/2018\/07\/csm_purepigments_servicepage_product01_m_teaser_2018_a9ab4ea355-300x195.jpg 300w, https:\/\/www.lacoifferie.ch\/new\/wp-content\/uploads\/2018\/07\/csm_purepigments_servicepage_product01_m_teaser_2018_a9ab4ea355-600x390.jpg 600w\" sizes=\"auto, (max-width: 728px) 100vw, 728px\" \/><\/div>\n\t\t<\/div>\n\t<\/div>\n<\/div><\/div><\/div><\/div><\/div><div     class=\"vc_row wpb_row section \" style=' text-align:left;'><div class=\" full_section_inner clearfix\"><div class=\"wpb_column vc_column_container vc_col-sm-6\"><div class=\"vc_column-inner\"><div class=\"wpb_wrapper\"><div class=\"vc_empty_space\"   style=\"height: 32px\"><span class=\"vc_empty_space_inner\"><\/span><\/div><\/div><\/div><\/div><div class=\"wpb_column vc_column_container vc_col-sm-6\"><div class=\"vc_column-inner\"><div class=\"wpb_wrapper\"><\/div><\/div><\/div><\/div><\/div>\n<\/div>","protected":false},"excerpt":{"rendered":"@PURE PIGMENTS SERVICES D\u00c9COUVREZ UN UNIVERS INFINI\u00a0DE CR\u00c9ATIVIT\u00c9 COLORIELLE. En exclusivit\u00e9 \u00e0 La Coifferie LA COLORATION COMME VOUS NE L'AVEZ JAMAIS V\u00c9CUE. UNE TECHNOLOGIE R\u00c9VOLUTIONNAIRE AVEC\u00a0@Pure Pigments Les 6 tons ultra-concentr\u00e9s @Pure Pigments apportent un jeu de reflets color\u00e9s et une brillance uniques \u00e0 votre...","protected":false},"author":3,"featured_media":0,"parent":0,"menu_order":0,"comment_status":"closed","ping_status":"open","template":"","meta":{"footnotes":""},"class_list":["post-19050","page","type-page","status-publish","hentry"],"yoast_head":"<!-- This site is optimized with the Yoast SEO plugin v27.1.1 - https:\/\/yoast.com\/product\/yoast-seo-wordpress\/ -->\n<title>@Pure Pigments - La Coifferie par V\u00e9ronique Buchs - salon de coiffure \u00e0 Vevey<\/title>\n<meta name=\"robots\" content=\"index, follow, max-snippet:-1, max-image-preview:large, max-video-preview:-1\" \/>\n<link rel=\"canonical\" href=\"https:\/\/www.lacoifferie.ch\/?page_id=19050\" \/>\n<meta property=\"og:locale\" content=\"fr_FR\" \/>\n<meta property=\"og:type\" content=\"article\" \/>\n<meta property=\"og:title\" content=\"@Pure Pigments - La Coifferie par V\u00e9ronique Buchs - salon de coiffure \u00e0 Vevey\" \/>\n<meta property=\"og:url\" content=\"https:\/\/www.lacoifferie.ch\/?page_id=19050\" \/>\n<meta property=\"og:site_name\" content=\"La Coifferie par V\u00e9ronique Buchs - salon de coiffure \u00e0 Vevey\" \/>\n<meta property=\"article:publisher\" content=\"https:\/\/www.facebook.com\/lacoifferievevey\" \/>\n<meta property=\"article:modified_time\" content=\"2021-01-30T12:56:48+00:00\" \/>\n<meta name=\"twitter:card\" content=\"summary_large_image\" \/>\n<meta name=\"twitter:label1\" content=\"Dur\u00e9e de lecture estim\u00e9e\" \/>\n\t<meta name=\"twitter:data1\" content=\"3 minutes\" \/>\n<script type=\"application\/ld+json\" class=\"yoast-schema-graph\">{\"@context\":\"https:\/\/schema.org\",\"@graph\":[{\"@type\":\"WebPage\",\"@id\":\"https:\/\/www.lacoifferie.ch\/?page_id=19050\",\"url\":\"https:\/\/www.lacoifferie.ch\/?page_id=19050\",\"name\":\"@Pure Pigments - La Coifferie par V\u00e9ronique Buchs - salon de coiffure \u00e0 Vevey\",\"isPartOf\":{\"@id\":\"https:\/\/www.lacoifferie.ch\/#website\"},\"datePublished\":\"2018-07-24T10:24:30+00:00\",\"dateModified\":\"2021-01-30T12:56:48+00:00\",\"breadcrumb\":{\"@id\":\"https:\/\/www.lacoifferie.ch\/?page_id=19050#breadcrumb\"},\"inLanguage\":\"fr-FR\",\"potentialAction\":[{\"@type\":\"ReadAction\",\"target\":[\"https:\/\/www.lacoifferie.ch\/?page_id=19050\"]}]},{\"@type\":\"BreadcrumbList\",\"@id\":\"https:\/\/www.lacoifferie.ch\/?page_id=19050#breadcrumb\",\"itemListElement\":[{\"@type\":\"ListItem\",\"position\":1,\"name\":\"Accueil\",\"item\":\"https:\/\/www.lacoifferie.ch\/\"},{\"@type\":\"ListItem\",\"position\":2,\"name\":\"@Pure Pigments\"}]},{\"@type\":\"WebSite\",\"@id\":\"https:\/\/www.lacoifferie.ch\/#website\",\"url\":\"https:\/\/www.lacoifferie.ch\/\",\"name\":\"La Coifferie par V\u00e9ronique Buchs - salon de coiffure \u00e0 Vevey\",\"description\":\"Pour votre bien \u00eatre ...\",\"publisher\":{\"@id\":\"https:\/\/www.lacoifferie.ch\/#organization\"},\"potentialAction\":[{\"@type\":\"SearchAction\",\"target\":{\"@type\":\"EntryPoint\",\"urlTemplate\":\"https:\/\/www.lacoifferie.ch\/?s={search_term_string}\"},\"query-input\":{\"@type\":\"PropertyValueSpecification\",\"valueRequired\":true,\"valueName\":\"search_term_string\"}}],\"inLanguage\":\"fr-FR\"},{\"@type\":\"Organization\",\"@id\":\"https:\/\/www.lacoifferie.ch\/#organization\",\"name\":\"La Coifferie par V\u00e9ronique Buchs - salon de coiffure \u00e0 Vevey\",\"url\":\"https:\/\/www.lacoifferie.ch\/\",\"logo\":{\"@type\":\"ImageObject\",\"inLanguage\":\"fr-FR\",\"@id\":\"https:\/\/www.lacoifferie.ch\/#\/schema\/logo\/image\/\",\"url\":\"https:\/\/www.lacoifferie.ch\/new\/wp-content\/uploads\/2014\/09\/logo2017_black-1.png\",\"contentUrl\":\"https:\/\/www.lacoifferie.ch\/new\/wp-content\/uploads\/2014\/09\/logo2017_black-1.png\",\"width\":376,\"height\":190,\"caption\":\"La Coifferie par V\u00e9ronique Buchs - salon de coiffure \u00e0 Vevey\"},\"image\":{\"@id\":\"https:\/\/www.lacoifferie.ch\/#\/schema\/logo\/image\/\"},\"sameAs\":[\"https:\/\/www.facebook.com\/lacoifferievevey\",\"https:\/\/www.instagram.com\/lacoifferievevey\/\"]}]}<\/script>\n<!-- \/ Yoast SEO plugin. -->","yoast_head_json":{"title":"@Pure Pigments - La Coifferie par V\u00e9ronique Buchs - salon de coiffure \u00e0 Vevey","robots":{"index":"index","follow":"follow","max-snippet":"max-snippet:-1","max-image-preview":"max-image-preview:large","max-video-preview":"max-video-preview:-1"},"canonical":"https:\/\/www.lacoifferie.ch\/?page_id=19050","og_locale":"fr_FR","og_type":"article","og_title":"@Pure Pigments - La Coifferie par V\u00e9ronique Buchs - salon de coiffure \u00e0 Vevey","og_url":"https:\/\/www.lacoifferie.ch\/?page_id=19050","og_site_name":"La Coifferie par V\u00e9ronique Buchs - salon de coiffure \u00e0 Vevey","article_publisher":"https:\/\/www.facebook.com\/lacoifferievevey","article_modified_time":"2021-01-30T12:56:48+00:00","twitter_card":"summary_large_image","twitter_misc":{"Dur\u00e9e de lecture estim\u00e9e":"3 minutes"},"schema":{"@context":"https:\/\/schema.org","@graph":[{"@type":"WebPage","@id":"https:\/\/www.lacoifferie.ch\/?page_id=19050","url":"https:\/\/www.lacoifferie.ch\/?page_id=19050","name":"@Pure Pigments - La Coifferie par V\u00e9ronique Buchs - salon de coiffure \u00e0 Vevey","isPartOf":{"@id":"https:\/\/www.lacoifferie.ch\/#website"},"datePublished":"2018-07-24T10:24:30+00:00","dateModified":"2021-01-30T12:56:48+00:00","breadcrumb":{"@id":"https:\/\/www.lacoifferie.ch\/?page_id=19050#breadcrumb"},"inLanguage":"fr-FR","potentialAction":[{"@type":"ReadAction","target":["https:\/\/www.lacoifferie.ch\/?page_id=19050"]}]},{"@type":"BreadcrumbList","@id":"https:\/\/www.lacoifferie.ch\/?page_id=19050#breadcrumb","itemListElement":[{"@type":"ListItem","position":1,"name":"Accueil","item":"https:\/\/www.lacoifferie.ch\/"},{"@type":"ListItem","position":2,"name":"@Pure Pigments"}]},{"@type":"WebSite","@id":"https:\/\/www.lacoifferie.ch\/#website","url":"https:\/\/www.lacoifferie.ch\/","name":"La Coifferie par V\u00e9ronique Buchs - salon de coiffure \u00e0 Vevey","description":"Pour votre bien \u00eatre ...","publisher":{"@id":"https:\/\/www.lacoifferie.ch\/#organization"},"potentialAction":[{"@type":"SearchAction","target":{"@type":"EntryPoint","urlTemplate":"https:\/\/www.lacoifferie.ch\/?s={search_term_string}"},"query-input":{"@type":"PropertyValueSpecification","valueRequired":true,"valueName":"search_term_string"}}],"inLanguage":"fr-FR"},{"@type":"Organization","@id":"https:\/\/www.lacoifferie.ch\/#organization","name":"La Coifferie par V\u00e9ronique Buchs - salon de coiffure \u00e0 Vevey","url":"https:\/\/www.lacoifferie.ch\/","logo":{"@type":"ImageObject","inLanguage":"fr-FR","@id":"https:\/\/www.lacoifferie.ch\/#\/schema\/logo\/image\/","url":"https:\/\/www.lacoifferie.ch\/new\/wp-content\/uploads\/2014\/09\/logo2017_black-1.png","contentUrl":"https:\/\/www.lacoifferie.ch\/new\/wp-content\/uploads\/2014\/09\/logo2017_black-1.png","width":376,"height":190,"caption":"La Coifferie par V\u00e9ronique Buchs - salon de coiffure \u00e0 Vevey"},"image":{"@id":"https:\/\/www.lacoifferie.ch\/#\/schema\/logo\/image\/"},"sameAs":["https:\/\/www.facebook.com\/lacoifferievevey","https:\/\/www.instagram.com\/lacoifferievevey\/"]}]}},"_links":{"self":[{"href":"https:\/\/www.lacoifferie.ch\/index.php?rest_route=\/wp\/v2\/pages\/19050","targetHints":{"allow":["GET"]}}],"collection":[{"href":"https:\/\/www.lacoifferie.ch\/index.php?rest_route=\/wp\/v2\/pages"}],"about":[{"href":"https:\/\/www.lacoifferie.ch\/index.php?rest_route=\/wp\/v2\/types\/page"}],"author":[{"embeddable":true,"href":"https:\/\/www.lacoifferie.ch\/index.php?rest_route=\/wp\/v2\/users\/3"}],"replies":[{"embeddable":true,"href":"https:\/\/www.lacoifferie.ch\/index.php?rest_route=%2Fwp%2Fv2%2Fcomments&post=19050"}],"version-history":[{"count":14,"href":"https:\/\/www.lacoifferie.ch\/index.php?rest_route=\/wp\/v2\/pages\/19050\/revisions"}],"predecessor-version":[{"id":19584,"href":"https:\/\/www.lacoifferie.ch\/index.php?rest_route=\/wp\/v2\/pages\/19050\/revisions\/19584"}],"wp:attachment":[{"href":"https:\/\/www.lacoifferie.ch\/index.php?rest_route=%2Fwp%2Fv2%2Fmedia&parent=19050"}],"curies":[{"name":"wp","href":"https:\/\/api.w.org\/{rel}","templated":true}]}}