{"id":19951,"date":"2023-12-08T13:59:17","date_gmt":"2023-12-08T11:59:17","guid":{"rendered":"https:\/\/www.lacoifferie.ch\/?page_id=19951"},"modified":"2023-12-08T16:32:39","modified_gmt":"2023-12-08T14:32:39","slug":"la-gamme-color-protection","status":"publish","type":"page","link":"https:\/\/www.lacoifferie.ch\/?page_id=19951","title":{"rendered":"La coloration v\u00e9g\u00e9tale"},"content":{"rendered":"<div class=\"wpb-content-wrapper\"><div class=\"vc_row wpb_row section \" style=' text-align:left;'><div class=\" full_section_inner clearfix\"><div class=\"wpb_column vc_column_container vc_col-sm-4\"><div class=\"vc_column-inner\"><div class=\"wpb_wrapper\"><\/div><\/div><\/div><div class=\"wpb_column vc_column_container vc_col-sm-4\"><div class=\"vc_column-inner\"><div class=\"wpb_wrapper\">\n\t<div class=\"wpb_single_image wpb_content_element vc_align_center\">\n\t\t<div class=\"wpb_wrapper\">\n\t\t\t\n\t\t\t<div class=\"vc_single_image-wrapper   vc_box_border_grey\"><img loading=\"lazy\" decoding=\"async\" width=\"650\" height=\"93\" src=\"https:\/\/www.lacoifferie.ch\/new\/wp-content\/uploads\/2023\/12\/This-Green-Text-logo.png\" class=\"vc_single_image-img attachment-full\" alt=\"\" title=\"This-Green-Text-logo\" srcset=\"https:\/\/www.lacoifferie.ch\/new\/wp-content\/uploads\/2023\/12\/This-Green-Text-logo.png 650w, https:\/\/www.lacoifferie.ch\/new\/wp-content\/uploads\/2023\/12\/This-Green-Text-logo-300x43.png 300w, https:\/\/www.lacoifferie.ch\/new\/wp-content\/uploads\/2023\/12\/This-Green-Text-logo-645x93.png 645w\" sizes=\"auto, (max-width: 650px) 100vw, 650px\" \/><\/div>\n\t\t<\/div>\n\t<\/div>\n<div class=\"vc_empty_space\"   style=\"height: 32px\"><span class=\"vc_empty_space_inner\"><\/span><\/div><\/div><\/div><\/div><div class=\"wpb_column vc_column_container vc_col-sm-4\"><div class=\"vc_column-inner\"><div class=\"wpb_wrapper\"><\/div><\/div><\/div><\/div><\/div><div     class=\"vc_row wpb_row section \" style=' text-align:left;'><div class=\" full_section_inner clearfix\"><div class=\"wpb_column vc_column_container vc_col-sm-6\"><div class=\"vc_column-inner\"><div class=\"wpb_wrapper\">\n\t<div class=\"wpb_single_image wpb_content_element vc_align_left\">\n\t\t<div class=\"wpb_wrapper\">\n\t\t\t\n\t\t\t<div class=\"vc_single_image-wrapper   vc_box_border_grey\"><img loading=\"lazy\" decoding=\"async\" width=\"689\" height=\"593\" src=\"https:\/\/www.lacoifferie.ch\/new\/wp-content\/uploads\/2023\/12\/Capture-decran-2023-12-08-a-12.33.00.png\" class=\"vc_single_image-img attachment-full\" alt=\"\" title=\"Capture d\u2019e\u0301cran 2023-12-08 a\u0300 12.33.00\" srcset=\"https:\/\/www.lacoifferie.ch\/new\/wp-content\/uploads\/2023\/12\/Capture-decran-2023-12-08-a-12.33.00.png 689w, https:\/\/www.lacoifferie.ch\/new\/wp-content\/uploads\/2023\/12\/Capture-decran-2023-12-08-a-12.33.00-300x258.png 300w\" sizes=\"auto, (max-width: 689px) 100vw, 689px\" \/><\/div>\n\t\t<\/div>\n\t<\/div>\n<\/div><\/div><\/div><div class=\"wpb_column vc_column_container vc_col-sm-6\"><div class=\"vc_column-inner\"><div class=\"wpb_wrapper\">\n\t<div class=\"wpb_text_column wpb_content_element \">\n\t\t<div class=\"wpb_wrapper\">\n\t\t\t<h2 class=\"elementor-heading-title elementor-size-default\" style=\"text-align: left;\"><span style=\"color: #ff6600;\">COLORATION V\u00c9G\u00c9TALE<\/span><\/h2>\n\n\t\t<\/div> \n\t<\/div> <div class=\"vc_empty_space\"   style=\"height: 32px\"><span class=\"vc_empty_space_inner\"><\/span><\/div>\n\t<div class=\"wpb_text_column wpb_content_element \">\n\t\t<div class=\"wpb_wrapper\">\n\t\t\t<h2 class=\"elementor-heading-title elementor-size-default\" style=\"text-align: left;\"><strong><span style=\"color: #ff6600;\">La couleur qui soigne, naturellement !<\/span><\/strong><\/h2>\n\n\t\t<\/div> \n\t<\/div> \n\t<div class=\"wpb_text_column wpb_content_element \">\n\t\t<div class=\"wpb_wrapper\">\n\t\t\t<p><strong>This Green propose une gamme de colorations v\u00e9g\u00e9tales qui se compose de 11 pigments \u00e0 associer entre eux pour cr\u00e9er des couleurs uniques et sur-mesure. Nos colorations v\u00e9g\u00e9tales sont compos\u00e9es exclusivement d\u2019ingr\u00e9dients naturels. Des fleurs, des plantes, des \u00e9pices, \u2026 pour cr\u00e9er des couleurs intenses tout en respectant ta sant\u00e9, la nature de tes cheveux et l\u2019environnement !<\/strong><\/p>\n\n\t\t<\/div> \n\t<\/div> <div class=\"vc_empty_space\"   style=\"height: 32px\"><span class=\"vc_empty_space_inner\"><\/span><\/div>\n\t<div class=\"q_accordion_holder clearfix wpb_content_element toggle without_icon  not-column-inherit\" data-active-tab=\"false\" data-collapsible=\"yes\">\n\t\t\t\n\t\t\t\t<h4 class=\"clearfix title-holder\" style=\"color: #ff6600;\"><span class=\"tab-title\">Composition des colorations v\u00e9g\u00e9tales<\/span><span class=\"accordion_mark\"><\/span><\/h4>\n\t\t\t\t<div  class=\"accordion_content no_icon\" style=\"\">\n\t\t\t<div class=\"accordion_content_inner\">\n\t\t\t\t\n\t<div class=\"wpb_text_column wpb_content_element \">\n\t\t<div class=\"wpb_wrapper\">\n\t\t\t<p><strong>Sahara<br \/>\n<\/strong>Rheum Palmatum (Rhubarb) Root Extract, Lawsonia Inermis (Henna) Leaf Extract, Curcuma Longa (Turmeric) Root Extract, Rubia Cordifolia (Madder) Root Powder, Citrus Medica Vulgaris (Lemon) Fruit Extract, Acacia Concinna (Shikakai) Fruit Extract, Emblica Officinalis (Amla) Fruit Extract, Eclipta Prostrata (Mahakanni) Leaf Extract, Triticum Aestivum (Wheat Germ) Germ Extract.<\/p>\n<p><strong>Honey<br \/>\n<\/strong>Lawsonia Inermis (Henna) Leaf Extract.<\/p>\n<p><strong>Safran<br \/>\n<\/strong>Lawsonia Inermis (Henna) Leaf Extract, Cassia Senna (Senna) Leaf Extract, Rubia Cordifolia (Madder) Root Powder, Emblica Officinalis (Amla) Fruit Extract, Sodium Picramate.<\/p>\n<p><strong>Red Velvet<br \/>\n<\/strong>Lawsonia Inermis Leaf Extract, Indigofera Tinctoria Leaf Extract, Rubia Cordifolia Root Powder, Acacia Concinna Fruit Extract, Emblica Officinalis Fruit Extract, Acacia Catechu Bark Powder, Coffea Arabica Fruit Extract, Sodium Picramate, Eclipta Prostrata Leaf Extract.<\/p>\n<p><strong>Mokka<br \/>\n<\/strong>Indigofera Tinctoria (Indigo) Leaf Extract, Lawsonia Inermis (Henna) Leaf Extract, Rubia Cordifolia (Madder) Root Powder.<\/p>\n<p><strong>Cappuccino<br \/>\n<\/strong>Indigofera Tinctoria (Indigo) Leaf Powder, Zizyphus Spina-Christi (Jujube) Leaf, Lawsonia (Henna) Inermis (Henna) Leaf Extract, Juglans Regia (Walnut) Leaf Extract.<\/p>\n<p><strong>Brownie<br \/>\n<\/strong>Indigofera Tinctoria (Indigo) Leaf Extract, Lawsonia Inermis (Henna) Leaf Extract, Cassia Senna (Senna) Leaf Extract.<\/p>\n<p><strong>Navy<br \/>\n<\/strong>Indigofera Tinctoria (Indigo) Leaf Extract.<\/p>\n<p><strong>Black Forest<br \/>\n<\/strong>Indigofera Tinctoria (Indigo) Leaf Extract, Cassia Senna (Senna) Leaf Extract, Punica Granatum Pericarp (Pomegranate) Extract.<\/p>\n<p><strong>Black Pepper<br \/>\n<\/strong>Indigofera Tinctoria (Indigo) Leaf Extract.<\/p>\n<p><strong>Neutral<br \/>\n<\/strong>Cassia Italica (Neutral Henna) Leaf Extract<\/p>\n\n\t\t<\/div> \n\t<\/div> \n\t\t\t<\/div>\n\t\t\t\t<\/div>\n\n\t<\/div> <\/div><\/div><\/div><\/div><\/div><div     class=\"vc_row wpb_row section \" style=' text-align:left;'><div class=\" full_section_inner clearfix\"><div class=\"wpb_column vc_column_container vc_col-sm-12\"><div class=\"vc_column-inner\"><div class=\"wpb_wrapper\">\n\t<div class=\"wpb_single_image wpb_content_element vc_align_center\">\n\t\t<div class=\"wpb_wrapper\">\n\t\t\t\n\t\t\t<div class=\"vc_single_image-wrapper   vc_box_border_grey\"><img loading=\"lazy\" decoding=\"async\" width=\"1382\" height=\"615\" src=\"https:\/\/www.lacoifferie.ch\/new\/wp-content\/uploads\/2023\/12\/Capture-decran-2023-12-08-a-12.42.44.png\" class=\"vc_single_image-img attachment-full\" alt=\"\" title=\"Capture d\u2019e\u0301cran 2023-12-08 a\u0300 12.42.44\" srcset=\"https:\/\/www.lacoifferie.ch\/new\/wp-content\/uploads\/2023\/12\/Capture-decran-2023-12-08-a-12.42.44.png 1382w, https:\/\/www.lacoifferie.ch\/new\/wp-content\/uploads\/2023\/12\/Capture-decran-2023-12-08-a-12.42.44-300x134.png 300w, https:\/\/www.lacoifferie.ch\/new\/wp-content\/uploads\/2023\/12\/Capture-decran-2023-12-08-a-12.42.44-1024x456.png 1024w, https:\/\/www.lacoifferie.ch\/new\/wp-content\/uploads\/2023\/12\/Capture-decran-2023-12-08-a-12.42.44-768x342.png 768w, https:\/\/www.lacoifferie.ch\/new\/wp-content\/uploads\/2023\/12\/Capture-decran-2023-12-08-a-12.42.44-1320x587.png 1320w\" sizes=\"auto, (max-width: 1382px) 100vw, 1382px\" \/><\/div>\n\t\t<\/div>\n\t<\/div>\n<\/div><\/div><\/div><\/div><\/div><div     class=\"vc_row wpb_row section \" style=' text-align:left;'><div class=\" full_section_inner clearfix\"><div class=\"wpb_column vc_column_container vc_col-sm-12\"><div class=\"vc_column-inner\"><div class=\"wpb_wrapper\"><div class=\"vc_empty_space\"   style=\"height: 32px\"><span class=\"vc_empty_space_inner\"><\/span><\/div><\/div><\/div><\/div><\/div><\/div><div     class=\"vc_row wpb_row section \" style=' text-align:left;'><div class=\" full_section_inner clearfix\"><div class=\"wpb_column vc_column_container vc_col-sm-4\"><div class=\"vc_column-inner\"><div class=\"wpb_wrapper\">\n\t<div class=\"wpb_single_image wpb_content_element vc_align_center\">\n\t\t<div class=\"wpb_wrapper\">\n\t\t\t\n\t\t\t<div class=\"vc_single_image-wrapper   vc_box_border_grey\"><img loading=\"lazy\" decoding=\"async\" width=\"201\" height=\"196\" src=\"https:\/\/www.lacoifferie.ch\/new\/wp-content\/uploads\/2023\/12\/Capture-decran-2023-12-08-a-11.50.12.png\" class=\"vc_single_image-img attachment-full\" alt=\"\" title=\"Capture d\u2019e\u0301cran 2023-12-08 a\u0300 11.50.12\" \/><\/div>\n\t\t<\/div>\n\t<\/div>\n\n\t<div class=\"wpb_text_column wpb_content_element \">\n\t\t<div class=\"wpb_wrapper\">\n\t\t\t<h3 style=\"text-align: center;\">Un soin profond, une brillance ind\u00e9cente<\/h3>\n\n\t\t<\/div> \n\t<\/div> <\/div><\/div><\/div><div class=\"wpb_column vc_column_container vc_col-sm-4\"><div class=\"vc_column-inner\"><div class=\"wpb_wrapper\">\n\t<div class=\"wpb_single_image wpb_content_element vc_align_center\">\n\t\t<div class=\"wpb_wrapper\">\n\t\t\t\n\t\t\t<div class=\"vc_single_image-wrapper   vc_box_border_grey\"><img loading=\"lazy\" decoding=\"async\" width=\"214\" height=\"192\" src=\"https:\/\/www.lacoifferie.ch\/new\/wp-content\/uploads\/2023\/12\/Capture-decran-2023-12-08-a-11.50.17.png\" class=\"vc_single_image-img attachment-full\" alt=\"\" title=\"Capture d\u2019e\u0301cran 2023-12-08 a\u0300 11.50.17\" \/><\/div>\n\t\t<\/div>\n\t<\/div>\n\n\t<div class=\"wpb_text_column wpb_content_element \">\n\t\t<div class=\"wpb_wrapper\">\n\t\t\t<h3 style=\"text-align: center;\">Des couleurs intenses et longue dur\u00e9e<\/h3>\n\n\t\t<\/div> \n\t<\/div> <\/div><\/div><\/div><div class=\"wpb_column vc_column_container vc_col-sm-4\"><div class=\"vc_column-inner\"><div class=\"wpb_wrapper\">\n\t<div class=\"wpb_single_image wpb_content_element vc_align_center\">\n\t\t<div class=\"wpb_wrapper\">\n\t\t\t\n\t\t\t<div class=\"vc_single_image-wrapper   vc_box_border_grey\"><img loading=\"lazy\" decoding=\"async\" width=\"195\" height=\"183\" src=\"https:\/\/www.lacoifferie.ch\/new\/wp-content\/uploads\/2023\/12\/Capture-decran-2023-12-08-a-11.50.21.png\" class=\"vc_single_image-img attachment-full\" alt=\"\" title=\"Capture d\u2019e\u0301cran 2023-12-08 a\u0300 11.50.21\" \/><\/div>\n\t\t<\/div>\n\t<\/div>\n\n\t<div class=\"wpb_text_column wpb_content_element \">\n\t\t<div class=\"wpb_wrapper\">\n\t\t\t<h3 style=\"text-align: center;\">Une composition 100% naturelle<\/h3>\n\n\t\t<\/div> \n\t<\/div> <\/div><\/div><\/div><\/div><\/div><div     class=\"vc_row wpb_row section \" style=' text-align:left;'><div class=\" full_section_inner clearfix\"><div class=\"wpb_column vc_column_container vc_col-sm-12\"><div class=\"vc_column-inner\"><div class=\"wpb_wrapper\"><div class=\"vc_empty_space\"   style=\"height: 32px\"><span class=\"vc_empty_space_inner\"><\/span><\/div><\/div><\/div><\/div><\/div><\/div><div     class=\"vc_row wpb_row section \" style='background-color:#fffae4; text-align:left;'><div class=\" full_section_inner clearfix\"><div class=\"wpb_column vc_column_container vc_col-sm-12\"><div class=\"vc_column-inner\"><div class=\"wpb_wrapper\"><div id=\"ult-carousel-181289805869f29a278a75e\" class=\"ult-carousel-wrapper   ult_horizontal\" data-gutter=\"15\" data-rtl=\"false\" ><div class=\"ult-carousel-245849093869f29a278a712 \" ><div class=\"ult-item-wrap\" data-animation=\"animated no-animation\"><div     class=\"vc_row wpb_row section vc_inner \" style=' text-align:left;'><div class=\" full_section_inner clearfix\"><div class=\"ult-item-wrap\" data-animation=\"animated no-animation\"><div class=\"wpb_column vc_column_container vc_col-sm-3\"><div class=\"vc_column-inner\"><div class=\"wpb_wrapper\"><div class=\"ult-item-wrap\" data-animation=\"animated no-animation\"><div class=\"vc_empty_space\"   style=\"height: 32px\"><span class=\"vc_empty_space_inner\"><\/span><\/div><\/div><div class=\"ult-item-wrap\" data-animation=\"animated no-animation\">\n\t<div class=\"wpb_single_image wpb_content_element vc_align_left\">\n\t\t<div class=\"wpb_wrapper\">\n\t\t\t\n\t\t\t<div class=\"vc_single_image-wrapper   vc_box_border_grey\"><img loading=\"lazy\" decoding=\"async\" width=\"1024\" height=\"1024\" src=\"https:\/\/www.lacoifferie.ch\/new\/wp-content\/uploads\/2023\/12\/slider-1-scaled-1-1024x1024.jpg\" class=\"vc_single_image-img attachment-large\" alt=\"\" title=\"slider-1-scaled\" srcset=\"https:\/\/www.lacoifferie.ch\/new\/wp-content\/uploads\/2023\/12\/slider-1-scaled-1-1024x1024.jpg 1024w, https:\/\/www.lacoifferie.ch\/new\/wp-content\/uploads\/2023\/12\/slider-1-scaled-1-300x300.jpg 300w, https:\/\/www.lacoifferie.ch\/new\/wp-content\/uploads\/2023\/12\/slider-1-scaled-1-150x150.jpg 150w, https:\/\/www.lacoifferie.ch\/new\/wp-content\/uploads\/2023\/12\/slider-1-scaled-1-768x768.jpg 768w, https:\/\/www.lacoifferie.ch\/new\/wp-content\/uploads\/2023\/12\/slider-1-scaled-1-1536x1536.jpg 1536w, https:\/\/www.lacoifferie.ch\/new\/wp-content\/uploads\/2023\/12\/slider-1-scaled-1-2048x2048.jpg 2048w, https:\/\/www.lacoifferie.ch\/new\/wp-content\/uploads\/2023\/12\/slider-1-scaled-1-85x85.jpg 85w, https:\/\/www.lacoifferie.ch\/new\/wp-content\/uploads\/2023\/12\/slider-1-scaled-1-550x550.jpg 550w, https:\/\/www.lacoifferie.ch\/new\/wp-content\/uploads\/2023\/12\/slider-1-scaled-1-1320x1320.jpg 1320w\" sizes=\"auto, (max-width: 1024px) 100vw, 1024px\" \/><\/div>\n\t\t<\/div>\n\t<\/div>\n<\/div><\/div><\/div><\/div><\/div><div class=\"ult-item-wrap\" data-animation=\"animated no-animation\"><div class=\"wpb_column vc_column_container vc_col-sm-9\"><div class=\"vc_column-inner\"><div class=\"wpb_wrapper\"><div class=\"ult-item-wrap\" data-animation=\"animated no-animation\"><div class=\"vc_empty_space\"   style=\"height: 32px\"><span class=\"vc_empty_space_inner\"><\/span><\/div><\/div><div class=\"ult-item-wrap\" data-animation=\"animated no-animation\">\n\t<div class=\"wpb_text_column wpb_content_element \">\n\t\t<div class=\"wpb_wrapper\">\n\t\t\t<h2><span style=\"color: #fdc33c;\">La coloration qui soigne<\/span><\/h2>\n\n\t\t<\/div> \n\t<\/div> <\/div><div class=\"ult-item-wrap\" data-animation=\"animated no-animation\"><div class=\"vc_empty_space\"   style=\"height: 32px\"><span class=\"vc_empty_space_inner\"><\/span><\/div><\/div><div class=\"ult-item-wrap\" data-animation=\"animated no-animation\">\n\t<div class=\"wpb_text_column wpb_content_element \">\n\t\t<div class=\"wpb_wrapper\">\n\t\t\t<p><strong>La coloration v\u00e9g\u00e9tale est la seule coloration qui n&rsquo;ab\u00eeme pas, gr\u00e2ce \u00e0 un processus de coloration respectueux de la nature.<\/strong><\/p>\n<p><strong>Mieux encore, c&rsquo;est une coloration qui soigne gr\u00e2ce aux plantes ayurv\u00e9diques qu&rsquo;elle contient. Avec la coloration 100% v\u00e9g\u00e9tale This Green (le 100% est tr\u00e8s important !). ta chevelure retrouve sa sant\u00e9, douceur, brillance, souplesse, \u00e9quilibre, volume, \u00e9paisseur et force.<\/strong><\/p>\n\n\t\t<\/div> \n\t<\/div> <\/div><\/div><\/div><\/div><\/div><\/div><\/div><\/div><div class=\"ult-item-wrap\" data-animation=\"animated no-animation\"><div     class=\"vc_row wpb_row section vc_inner \" style=' text-align:left;'><div class=\" full_section_inner clearfix\"><div class=\"ult-item-wrap\" data-animation=\"animated no-animation\"><div class=\"wpb_column vc_column_container vc_col-sm-3\"><div class=\"vc_column-inner\"><div class=\"wpb_wrapper\"><div class=\"ult-item-wrap\" data-animation=\"animated no-animation\"><div class=\"vc_empty_space\"   style=\"height: 32px\"><span class=\"vc_empty_space_inner\"><\/span><\/div><\/div><div class=\"ult-item-wrap\" data-animation=\"animated no-animation\">\n\t<div class=\"wpb_single_image wpb_content_element vc_align_left\">\n\t\t<div class=\"wpb_wrapper\">\n\t\t\t\n\t\t\t<div class=\"vc_single_image-wrapper vc_box_shadow_border  vc_box_border_grey\"><img loading=\"lazy\" decoding=\"async\" width=\"1024\" height=\"1024\" src=\"https:\/\/www.lacoifferie.ch\/new\/wp-content\/uploads\/2023\/12\/slider-5-scaled-1-1024x1024.jpg\" class=\"vc_single_image-img attachment-large\" alt=\"\" title=\"slider-5-scaled\" srcset=\"https:\/\/www.lacoifferie.ch\/new\/wp-content\/uploads\/2023\/12\/slider-5-scaled-1-1024x1024.jpg 1024w, https:\/\/www.lacoifferie.ch\/new\/wp-content\/uploads\/2023\/12\/slider-5-scaled-1-300x300.jpg 300w, https:\/\/www.lacoifferie.ch\/new\/wp-content\/uploads\/2023\/12\/slider-5-scaled-1-150x150.jpg 150w, https:\/\/www.lacoifferie.ch\/new\/wp-content\/uploads\/2023\/12\/slider-5-scaled-1-768x768.jpg 768w, https:\/\/www.lacoifferie.ch\/new\/wp-content\/uploads\/2023\/12\/slider-5-scaled-1-1536x1536.jpg 1536w, https:\/\/www.lacoifferie.ch\/new\/wp-content\/uploads\/2023\/12\/slider-5-scaled-1-2048x2048.jpg 2048w, https:\/\/www.lacoifferie.ch\/new\/wp-content\/uploads\/2023\/12\/slider-5-scaled-1-85x85.jpg 85w, https:\/\/www.lacoifferie.ch\/new\/wp-content\/uploads\/2023\/12\/slider-5-scaled-1-550x550.jpg 550w, https:\/\/www.lacoifferie.ch\/new\/wp-content\/uploads\/2023\/12\/slider-5-scaled-1-1320x1320.jpg 1320w\" sizes=\"auto, (max-width: 1024px) 100vw, 1024px\" \/><\/div>\n\t\t<\/div>\n\t<\/div>\n<\/div><\/div><\/div><\/div><\/div><div class=\"ult-item-wrap\" data-animation=\"animated no-animation\"><div class=\"wpb_column vc_column_container vc_col-sm-9\"><div class=\"vc_column-inner\"><div class=\"wpb_wrapper\"><div class=\"ult-item-wrap\" data-animation=\"animated no-animation\"><div class=\"vc_empty_space\"   style=\"height: 32px\"><span class=\"vc_empty_space_inner\"><\/span><\/div><\/div><div class=\"ult-item-wrap\" data-animation=\"animated no-animation\">\n\t<div class=\"wpb_text_column wpb_content_element \">\n\t\t<div class=\"wpb_wrapper\">\n\t\t\t<h2><span style=\"color: #fdc33c;\">Vegan et non test\u00e9s sur les animaux<\/span><\/h2>\n\n\t\t<\/div> \n\t<\/div> <\/div><div class=\"ult-item-wrap\" data-animation=\"animated no-animation\"><div class=\"vc_empty_space\"   style=\"height: 32px\"><span class=\"vc_empty_space_inner\"><\/span><\/div><\/div><div class=\"ult-item-wrap\" data-animation=\"animated no-animation\">\n\t<div class=\"wpb_text_column wpb_content_element \">\n\t\t<div class=\"wpb_wrapper\">\n\t\t\t<p><strong>This Green veut prot\u00e9ger la plan\u00e8te et tous ses habitants. Nous estimons qu&rsquo;il n&rsquo;est pas n\u00e9cessaire de (faire) souffrir pour \u00eatre beau ou belle. Alors chez this green, tous les produits capillaires et les colorations v\u00e9g\u00e9tales sont vegan et non test\u00e9s sur les animaux. Pour nous, c&rsquo;est une \u00e9vidence !<\/strong><\/p>\n\n\t\t<\/div> \n\t<\/div> <\/div><\/div><\/div><\/div><\/div><\/div><\/div><\/div><div class=\"ult-item-wrap\" data-animation=\"animated no-animation\"><div     class=\"vc_row wpb_row section vc_inner \" style=' text-align:left;'><div class=\" full_section_inner clearfix\"><div class=\"ult-item-wrap\" data-animation=\"animated no-animation\"><div class=\"wpb_column vc_column_container vc_col-sm-3\"><div class=\"vc_column-inner\"><div class=\"wpb_wrapper\"><div class=\"ult-item-wrap\" data-animation=\"animated no-animation\"><div class=\"vc_empty_space\"   style=\"height: 32px\"><span class=\"vc_empty_space_inner\"><\/span><\/div><\/div><div class=\"ult-item-wrap\" data-animation=\"animated no-animation\">\n\t<div class=\"wpb_single_image wpb_content_element vc_align_left\">\n\t\t<div class=\"wpb_wrapper\">\n\t\t\t\n\t\t\t<div class=\"vc_single_image-wrapper vc_box_shadow_border  vc_box_border_grey\"><img loading=\"lazy\" decoding=\"async\" width=\"1024\" height=\"1024\" src=\"https:\/\/www.lacoifferie.ch\/new\/wp-content\/uploads\/2023\/12\/13-scaled-1-1024x1024.jpg\" class=\"vc_single_image-img attachment-large\" alt=\"\" title=\"13-scaled\" srcset=\"https:\/\/www.lacoifferie.ch\/new\/wp-content\/uploads\/2023\/12\/13-scaled-1-1024x1024.jpg 1024w, https:\/\/www.lacoifferie.ch\/new\/wp-content\/uploads\/2023\/12\/13-scaled-1-300x300.jpg 300w, https:\/\/www.lacoifferie.ch\/new\/wp-content\/uploads\/2023\/12\/13-scaled-1-150x150.jpg 150w, https:\/\/www.lacoifferie.ch\/new\/wp-content\/uploads\/2023\/12\/13-scaled-1-768x768.jpg 768w, https:\/\/www.lacoifferie.ch\/new\/wp-content\/uploads\/2023\/12\/13-scaled-1-1536x1536.jpg 1536w, https:\/\/www.lacoifferie.ch\/new\/wp-content\/uploads\/2023\/12\/13-scaled-1-2048x2048.jpg 2048w, https:\/\/www.lacoifferie.ch\/new\/wp-content\/uploads\/2023\/12\/13-scaled-1-85x85.jpg 85w, https:\/\/www.lacoifferie.ch\/new\/wp-content\/uploads\/2023\/12\/13-scaled-1-550x550.jpg 550w, https:\/\/www.lacoifferie.ch\/new\/wp-content\/uploads\/2023\/12\/13-scaled-1-1320x1320.jpg 1320w\" sizes=\"auto, (max-width: 1024px) 100vw, 1024px\" \/><\/div>\n\t\t<\/div>\n\t<\/div>\n<\/div><\/div><\/div><\/div><\/div><div class=\"ult-item-wrap\" data-animation=\"animated no-animation\"><div class=\"wpb_column vc_column_container vc_col-sm-9\"><div class=\"vc_column-inner\"><div class=\"wpb_wrapper\"><div class=\"ult-item-wrap\" data-animation=\"animated no-animation\"><div class=\"vc_empty_space\"   style=\"height: 32px\"><span class=\"vc_empty_space_inner\"><\/span><\/div><\/div><div class=\"ult-item-wrap\" data-animation=\"animated no-animation\">\n\t<div class=\"wpb_text_column wpb_content_element \">\n\t\t<div class=\"wpb_wrapper\">\n\t\t\t<h2><span style=\"color: #fdc33c;\">100% naturelles &amp; biod\u00e9gradables<\/span><\/h2>\n\n\t\t<\/div> \n\t<\/div> <\/div><div class=\"ult-item-wrap\" data-animation=\"animated no-animation\"><div class=\"vc_empty_space\"   style=\"height: 32px\"><span class=\"vc_empty_space_inner\"><\/span><\/div><\/div><div class=\"ult-item-wrap\" data-animation=\"animated no-animation\">\n\t<div class=\"wpb_text_column wpb_content_element \">\n\t\t<div class=\"wpb_wrapper\">\n\t\t\t<p><strong>Les colorations v\u00e9g\u00e9tales This Green contiennent des plantes, des fleurs, des \u00e9pices,&#8230; et c&rsquo;est tout !<br \/>\nElles sont compos\u00e9es exclusivement d&rsquo;ingr\u00e9dients offerts par Dame Nature. D&rsquo;ailleurs, elles sont 100% biod\u00e9gradables, elles n&rsquo;ont donc pas d&rsquo;impact n\u00e9gatif sur l&rsquo;environnement.<\/strong><\/p>\n\n\t\t<\/div> \n\t<\/div> <\/div><\/div><\/div><\/div><\/div><\/div><\/div><\/div><\/div><\/div>\t\t\t<script type=\"text\/javascript\">\n\t\t\t\tjQuery(document).ready(function ($) {\n\t\t\t\t\tif( typeof jQuery('.ult-carousel-245849093869f29a278a712').slick == \"function\"){\n\t\t\t\t\t\t$('.ult-carousel-245849093869f29a278a712').slick({dots: true,autoplay: true,autoplaySpeed: \"5000\",speed: \"300\",infinite: true,arrows: true,nextArrow: '<button type=\"button\" role=\"button\" aria-label=\"Next\" style=\"color:#333333; font-size:20px;\" class=\"slick-next default\"><i class=\"ultsl-arrow-right4\"><\/i><\/button>',prevArrow: '<button type=\"button\" role=\"button\" aria-label=\"Previous\" style=\"color:#333333; font-size:20px;\" class=\"slick-prev default\"><i class=\"ultsl-arrow-left4\"><\/i><\/button>',slidesToScroll:1,slidesToShow:1,swipe: true,draggable: true,touchMove: true,pauseOnHover: true,pauseOnFocus: false,responsive: [\n\t\t\t\t\t\t\t{\n\t\t\t\t\t\t\t  breakpoint: 1026,\n\t\t\t\t\t\t\t  settings: {\n\t\t\t\t\t\t\t\tslidesToShow: 1,\n\t\t\t\t\t\t\t\tslidesToScroll: 1,  \n\t\t\t\t\t\t\t  }\n\t\t\t\t\t\t\t},\n\t\t\t\t\t\t\t{\n\t\t\t\t\t\t\t  breakpoint: 1025,\n\t\t\t\t\t\t\t  settings: {\n\t\t\t\t\t\t\t\tslidesToShow: 1,\n\t\t\t\t\t\t\t\tslidesToScroll: 1\n\t\t\t\t\t\t\t  }\n\t\t\t\t\t\t\t},\n\t\t\t\t\t\t\t{\n\t\t\t\t\t\t\t  breakpoint: 760,\n\t\t\t\t\t\t\t  settings: {\n\t\t\t\t\t\t\t\tslidesToShow: 1,\n\t\t\t\t\t\t\t\tslidesToScroll: 1\n\t\t\t\t\t\t\t  }\n\t\t\t\t\t\t\t}\n\t\t\t\t\t\t],pauseOnDotsHover: true,customPaging: function(slider, i) {\n                   return '<i type=\"button\" style= \"color:#333333;\" class=\"ultsl-record\" data-role=\"none\"><\/i>';\n                },});\n\t\t\t\t\t}\n\t\t\t\t});\n\t\t\t<\/script>\n\t\t\t<\/div><\/div><\/div><\/div><\/div><div     class=\"vc_row wpb_row section \" style=' text-align:left;'><div class=\" full_section_inner clearfix\"><div class=\"wpb_column vc_column_container vc_col-sm-12\"><div class=\"vc_column-inner\"><div class=\"wpb_wrapper\"><div class=\"vc_empty_space\"   style=\"height: 32px\"><span class=\"vc_empty_space_inner\"><\/span><\/div><\/div><\/div><\/div><\/div><\/div><div     class=\"vc_row wpb_row section \" style=' text-align:left;'><div class=\" full_section_inner clearfix\"><div class=\"wpb_column vc_column_container vc_col-sm-3\"><div class=\"vc_column-inner\"><div class=\"wpb_wrapper\">\n\t<div class=\"wpb_single_image wpb_content_element vc_align_left\">\n\t\t<div class=\"wpb_wrapper\">\n\t\t\t\n\t\t\t<div class=\"vc_single_image-wrapper   vc_box_border_grey\"><img loading=\"lazy\" decoding=\"async\" width=\"306\" height=\"1024\" src=\"https:\/\/www.lacoifferie.ch\/new\/wp-content\/uploads\/2023\/12\/cest-pour-qui-placeholder-scaled-1-306x1024.jpg\" class=\"vc_single_image-img attachment-large\" alt=\"\" title=\"cest-pour-qui-placeholder-scaled\" srcset=\"https:\/\/www.lacoifferie.ch\/new\/wp-content\/uploads\/2023\/12\/cest-pour-qui-placeholder-scaled-1-306x1024.jpg 306w, https:\/\/www.lacoifferie.ch\/new\/wp-content\/uploads\/2023\/12\/cest-pour-qui-placeholder-scaled-1-90x300.jpg 90w, https:\/\/www.lacoifferie.ch\/new\/wp-content\/uploads\/2023\/12\/cest-pour-qui-placeholder-scaled-1-459x1536.jpg 459w, https:\/\/www.lacoifferie.ch\/new\/wp-content\/uploads\/2023\/12\/cest-pour-qui-placeholder-scaled-1-612x2048.jpg 612w, https:\/\/www.lacoifferie.ch\/new\/wp-content\/uploads\/2023\/12\/cest-pour-qui-placeholder-scaled-1.jpg 765w\" sizes=\"auto, (max-width: 306px) 100vw, 306px\" \/><\/div>\n\t\t<\/div>\n\t<\/div>\n<\/div><\/div><\/div><div class=\"wpb_column vc_column_container vc_col-sm-9\"><div class=\"vc_column-inner\"><div class=\"wpb_wrapper\">\n\t<div class=\"wpb_text_column wpb_content_element \">\n\t\t<div class=\"wpb_wrapper\">\n\t\t\t<div class=\"elementor-element elementor-element-39e42a18 ob-has-background-overlay elementor-widget elementor-widget-heading\" data-id=\"39e42a18\" data-element_type=\"widget\" data-settings=\"{&quot;_ob_widget_stalker_use&quot;:&quot;no&quot;,&quot;_ob_poopart_use&quot;:&quot;yes&quot;,&quot;_ob_shadough_use&quot;:&quot;no&quot;,&quot;_ob_allow_hoveranimator&quot;:&quot;no&quot;}\" data-widget_type=\"heading.default\">\n<div class=\"elementor-widget-container\">\n<h2 class=\"elementor-heading-title elementor-size-default\">C&rsquo;est pour qui ?<\/h2>\n<\/div>\n<\/div>\n\n\t\t<\/div> \n\t<\/div> <div class=\"vc_empty_space\"   style=\"height: 32px\"><span class=\"vc_empty_space_inner\"><\/span><\/div><div class=\"vc_empty_space\"   style=\"height: 32px\"><span class=\"vc_empty_space_inner\"><\/span><\/div>\n\t<div class=\"wpb_text_column wpb_content_element \">\n\t\t<div class=\"wpb_wrapper\">\n\t\t\t<h3>Pour tout le monde, naturellement !<\/h3>\n<p>Enfin, pour tous ceux qui ont envie d\u2019une couleur sublime, qui respecte leur sant\u00e9 et la plan\u00e8te. La coloration v\u00e9g\u00e9tale This Green, c\u2019est pour toutes celles et ceux qui croient en une beaut\u00e9 durable, naturelle et saine. Sans oublier, \u00e9videmment, ceux qui r\u00eavent d\u2019une chevelure douce, saine, solide et brillante !<\/p>\n\n\t\t<\/div> \n\t<\/div> <div class=\"vc_empty_space\"   style=\"height: 32px\"><span class=\"vc_empty_space_inner\"><\/span><\/div><div class=\"vc_empty_space\"   style=\"height: 32px\"><span class=\"vc_empty_space_inner\"><\/span><\/div>\n\t<div class=\"wpb_text_column wpb_content_element \">\n\t\t<div class=\"wpb_wrapper\">\n\t\t\t<h3>Les personnes sensibles et allergiques<\/h3>\n<p>Les personnes sensibles et sujettes aux allergies vont adorer la coloration v\u00e9g\u00e9tale This Green. Et oui, uniquement compos\u00e9e d\u2019ingr\u00e9dients v\u00e9g\u00e9taux, la coloration This Green convient aux personnes les plus sensibles. Si tu as d\u00e9j\u00e0 eu de mauvaises exp\u00e9riences en coloration oxydative, la coloration v\u00e9g\u00e9tale est certainement la solution pour toi.<\/p>\n\n\t\t<\/div> \n\t<\/div> <div class=\"vc_empty_space\"   style=\"height: 32px\"><span class=\"vc_empty_space_inner\"><\/span><\/div><div class=\"vc_empty_space\"   style=\"height: 32px\"><span class=\"vc_empty_space_inner\"><\/span><\/div>\n\t<div class=\"wpb_text_column wpb_content_element \">\n\t\t<div class=\"wpb_wrapper\">\n\t\t\t<div class=\"elementor-element elementor-element-39e42a18 ob-has-background-overlay elementor-widget elementor-widget-heading\" data-id=\"39e42a18\" data-element_type=\"widget\" data-settings=\"{&quot;_ob_widget_stalker_use&quot;:&quot;no&quot;,&quot;_ob_poopart_use&quot;:&quot;yes&quot;,&quot;_ob_shadough_use&quot;:&quot;no&quot;,&quot;_ob_allow_hoveranimator&quot;:&quot;no&quot;}\" data-widget_type=\"heading.default\">\n<h3 class=\"elementor-widget-container\">Pendant la grossesse et l\u2019allaitement<\/h3>\n<\/div>\n<div class=\"elementor-element elementor-element-7a9a15d7 ob-has-background-overlay elementor-widget elementor-widget-text-editor\" data-id=\"7a9a15d7\" data-element_type=\"widget\" data-settings=\"{&quot;_ob_postman_use&quot;:&quot;no&quot;,&quot;_ob_widget_stalker_use&quot;:&quot;no&quot;,&quot;_ob_poopart_use&quot;:&quot;yes&quot;,&quot;_ob_shadough_use&quot;:&quot;no&quot;,&quot;_ob_allow_hoveranimator&quot;:&quot;no&quot;}\" data-widget_type=\"text-editor.default\">\n<div class=\"elementor-widget-container\">\n<p>Eh oui, normalement, pendant la grossesse et l\u2019allaitement, les colorations capillaires, c\u2019est fini ! Enfin, normalement.. Si les colorations oxydatives ne sont pas autoris\u00e9es pendant la grossesse, la coloration v\u00e9g\u00e9tale, elle, l\u2019est ! La coloration v\u00e9g\u00e9tale est effectivement compos\u00e9e d\u2019ingr\u00e9dients 100% naturels, il n\u2019 a pas de risque pour toi ou pour ton (futur) b\u00e9b\u00e9. Alors, qui va se pavaner dans la maternit\u00e9 avec sa belle chevelure brillante et color\u00e9e ?<\/p>\n<\/div>\n<\/div>\n\n\t\t<\/div> \n\t<\/div> <div class=\"vc_empty_space\"   style=\"height: 32px\"><span class=\"vc_empty_space_inner\"><\/span><\/div><div class=\"vc_empty_space\"   style=\"height: 32px\"><span class=\"vc_empty_space_inner\"><\/span><\/div>\n\t<div class=\"wpb_text_column wpb_content_element \">\n\t\t<div class=\"wpb_wrapper\">\n\t\t\t<h3>Apr\u00e8s la chimioth\u00e9rapie<\/h3>\n<p>Lors d\u2019un traitement par chimioth\u00e9rapie, tout comme le reste du corps, le cuir chevelu est fragilis\u00e9. Il est conseill\u00e9 d\u2019\u00eatre tr\u00e8s d\u00e9licat avec les cheveux lorsque ceux-ci repoussent. Les m\u00e9decins proposent g\u00e9n\u00e9ralement deux solutions : ne pas se teindre les cheveux ou opter pour la coloration v\u00e9g\u00e9tale. Les ingr\u00e9dients naturels et doux colorent sans agresser. Au contraire, ils renforcent le cuir chevelu et les cheveux. Ce qui favorise une bonne pousse et une chevelure en bonne sant\u00e9.<\/p>\n\n\t\t<\/div> \n\t<\/div> <\/div><\/div><\/div><\/div><\/div><div     class=\"vc_row wpb_row section \" style=' text-align:left;'><div class=\" full_section_inner clearfix\"><div class=\"wpb_column vc_column_container vc_col-sm-12\"><div class=\"vc_column-inner\"><div class=\"wpb_wrapper\"><div class=\"vc_empty_space\"   style=\"height: 32px\"><span class=\"vc_empty_space_inner\"><\/span><\/div><\/div><\/div><\/div><\/div><\/div><div     class=\"vc_row wpb_row section \" style='background-color:#fffae4; text-align:left;'><div class=\" full_section_inner clearfix\"><div class=\"wpb_column vc_column_container vc_col-sm-8\"><div class=\"vc_column-inner\"><div class=\"wpb_wrapper\"><div class=\"vc_empty_space\"   style=\"height: 32px\"><span class=\"vc_empty_space_inner\"><\/span><\/div><div class=\"vc_empty_space\"   style=\"height: 32px\"><span class=\"vc_empty_space_inner\"><\/span><\/div>\n\t<div class=\"wpb_text_column wpb_content_element \">\n\t\t<div class=\"wpb_wrapper\">\n\t\t\t<h2 class=\"elementor-heading-title elementor-size-default\" style=\"text-align: left;\"><span style=\"color: #fdc33c;\">Notre label bio.<\/span><\/h2>\n\n\t\t<\/div> \n\t<\/div> <div class=\"vc_empty_space\"   style=\"height: 32px\"><span class=\"vc_empty_space_inner\"><\/span><\/div>\n\t<div class=\"wpb_text_column wpb_content_element \">\n\t\t<div class=\"wpb_wrapper\">\n\t\t\t<h4><strong>Un label d\u2019exception qui garantit\u00a0que nous utilisons des composants naturels, r\u00e9duisons au maximum notre empreinte environnementale et agissons dans une d\u00e9marche \u00e9thique et responsable.<\/strong><\/h4>\n\n\t\t<\/div> \n\t<\/div> <div class=\"vc_empty_space\"   style=\"height: 32px\"><span class=\"vc_empty_space_inner\"><\/span><\/div>\n\t<div class=\"wpb_single_image wpb_content_element vc_align_left\">\n\t\t<div class=\"wpb_wrapper\">\n\t\t\t\n\t\t\t<div class=\"vc_single_image-wrapper   vc_box_border_grey\"><img loading=\"lazy\" decoding=\"async\" width=\"300\" height=\"256\" src=\"https:\/\/www.lacoifferie.ch\/new\/wp-content\/uploads\/2023\/12\/logo-ecogarantie-400-300x256-1.png\" class=\"vc_single_image-img attachment-medium\" alt=\"\" title=\"logo-ecogarantie-400-300x256\" \/><\/div>\n\t\t<\/div>\n\t<\/div>\n<\/div><\/div><\/div><div class=\"wpb_column vc_column_container vc_col-sm-4\"><div class=\"vc_column-inner\"><div class=\"wpb_wrapper\">\n\t<div class=\"wpb_single_image wpb_content_element vc_align_left\">\n\t\t<div class=\"wpb_wrapper\">\n\t\t\t\n\t\t\t<div class=\"vc_single_image-wrapper   vc_box_border_grey\"><img loading=\"lazy\" decoding=\"async\" width=\"709\" height=\"1215\" src=\"https:\/\/www.lacoifferie.ch\/new\/wp-content\/uploads\/2023\/12\/TG-site_apropos-placeholder-ecogarantie.jpg\" class=\"vc_single_image-img attachment-full\" alt=\"\" title=\"TG-site_apropos-placeholder-ecogarantie\" srcset=\"https:\/\/www.lacoifferie.ch\/new\/wp-content\/uploads\/2023\/12\/TG-site_apropos-placeholder-ecogarantie.jpg 709w, https:\/\/www.lacoifferie.ch\/new\/wp-content\/uploads\/2023\/12\/TG-site_apropos-placeholder-ecogarantie-175x300.jpg 175w, https:\/\/www.lacoifferie.ch\/new\/wp-content\/uploads\/2023\/12\/TG-site_apropos-placeholder-ecogarantie-598x1024.jpg 598w\" sizes=\"auto, (max-width: 709px) 100vw, 709px\" \/><\/div>\n\t\t<\/div>\n\t<\/div>\n<\/div><\/div><\/div><\/div><\/div><div     class=\"vc_row wpb_row section \" style=' text-align:left;'><div class=\" full_section_inner clearfix\"><div class=\"wpb_column vc_column_container vc_col-sm-12\"><div class=\"vc_column-inner\"><div class=\"wpb_wrapper\"><div class=\"vc_empty_space\"   style=\"height: 32px\"><span class=\"vc_empty_space_inner\"><\/span><\/div>\n\t<div class=\"wpb_text_column wpb_content_element \">\n\t\t<div class=\"wpb_wrapper\">\n\t\t\t<h3 style=\"text-align: center;\"><strong>This Green est labellis\u00e9e par la cr\u00e8me de la cr\u00e8me des labels bio : \u00c9cogarantie.<br \/>\nCe label est le plus strict d\u2019Europe avec un cahier des charges qui ne laisse pas la place au doute.<\/strong><\/h3>\n\n\t\t<\/div> \n\t<\/div> <div class=\"vc_empty_space\"   style=\"height: 32px\"><span class=\"vc_empty_space_inner\"><\/span><\/div><\/div><\/div><\/div><\/div><\/div>\n<\/div>","protected":false},"excerpt":{"rendered":"COLORATION V\u00c9G\u00c9TALE La couleur qui soigne, naturellement ! This Green propose une gamme de colorations v\u00e9g\u00e9tales qui se compose de 11 pigments \u00e0 associer entre eux pour cr\u00e9er des couleurs uniques et sur-mesure. Nos colorations v\u00e9g\u00e9tales sont compos\u00e9es exclusivement d\u2019ingr\u00e9dients naturels. Des fleurs, des plantes,...","protected":false},"author":3,"featured_media":0,"parent":0,"menu_order":0,"comment_status":"closed","ping_status":"open","template":"","meta":{"footnotes":""},"class_list":["post-19951","page","type-page","status-publish","hentry"],"yoast_head":"<!-- This site is optimized with the Yoast SEO plugin v27.1.1 - https:\/\/yoast.com\/product\/yoast-seo-wordpress\/ -->\n<title>La coloration v\u00e9g\u00e9tale - La Coifferie par V\u00e9ronique Buchs - salon de coiffure \u00e0 Vevey<\/title>\n<meta name=\"robots\" content=\"index, follow, max-snippet:-1, max-image-preview:large, max-video-preview:-1\" \/>\n<link rel=\"canonical\" href=\"https:\/\/www.lacoifferie.ch\/?page_id=19951\" \/>\n<meta property=\"og:locale\" content=\"fr_FR\" \/>\n<meta property=\"og:type\" content=\"article\" \/>\n<meta property=\"og:title\" content=\"La coloration v\u00e9g\u00e9tale - La Coifferie par V\u00e9ronique Buchs - salon de coiffure \u00e0 Vevey\" \/>\n<meta property=\"og:url\" content=\"https:\/\/www.lacoifferie.ch\/?page_id=19951\" \/>\n<meta property=\"og:site_name\" content=\"La Coifferie par V\u00e9ronique Buchs - salon de coiffure \u00e0 Vevey\" \/>\n<meta property=\"article:publisher\" content=\"https:\/\/www.facebook.com\/lacoifferievevey\" \/>\n<meta property=\"article:modified_time\" content=\"2023-12-08T14:32:39+00:00\" \/>\n<meta name=\"twitter:card\" content=\"summary_large_image\" \/>\n<meta name=\"twitter:label1\" content=\"Dur\u00e9e de lecture estim\u00e9e\" \/>\n\t<meta name=\"twitter:data1\" content=\"8 minutes\" \/>\n<script type=\"application\/ld+json\" class=\"yoast-schema-graph\">{\"@context\":\"https:\/\/schema.org\",\"@graph\":[{\"@type\":\"WebPage\",\"@id\":\"https:\/\/www.lacoifferie.ch\/?page_id=19951\",\"url\":\"https:\/\/www.lacoifferie.ch\/?page_id=19951\",\"name\":\"La coloration v\u00e9g\u00e9tale - La Coifferie par V\u00e9ronique Buchs - salon de coiffure \u00e0 Vevey\",\"isPartOf\":{\"@id\":\"https:\/\/www.lacoifferie.ch\/#website\"},\"datePublished\":\"2023-12-08T11:59:17+00:00\",\"dateModified\":\"2023-12-08T14:32:39+00:00\",\"breadcrumb\":{\"@id\":\"https:\/\/www.lacoifferie.ch\/?page_id=19951#breadcrumb\"},\"inLanguage\":\"fr-FR\",\"potentialAction\":[{\"@type\":\"ReadAction\",\"target\":[\"https:\/\/www.lacoifferie.ch\/?page_id=19951\"]}]},{\"@type\":\"BreadcrumbList\",\"@id\":\"https:\/\/www.lacoifferie.ch\/?page_id=19951#breadcrumb\",\"itemListElement\":[{\"@type\":\"ListItem\",\"position\":1,\"name\":\"Accueil\",\"item\":\"https:\/\/www.lacoifferie.ch\/\"},{\"@type\":\"ListItem\",\"position\":2,\"name\":\"La coloration v\u00e9g\u00e9tale\"}]},{\"@type\":\"WebSite\",\"@id\":\"https:\/\/www.lacoifferie.ch\/#website\",\"url\":\"https:\/\/www.lacoifferie.ch\/\",\"name\":\"La Coifferie par V\u00e9ronique Buchs - salon de coiffure \u00e0 Vevey\",\"description\":\"Pour votre bien \u00eatre ...\",\"publisher\":{\"@id\":\"https:\/\/www.lacoifferie.ch\/#organization\"},\"potentialAction\":[{\"@type\":\"SearchAction\",\"target\":{\"@type\":\"EntryPoint\",\"urlTemplate\":\"https:\/\/www.lacoifferie.ch\/?s={search_term_string}\"},\"query-input\":{\"@type\":\"PropertyValueSpecification\",\"valueRequired\":true,\"valueName\":\"search_term_string\"}}],\"inLanguage\":\"fr-FR\"},{\"@type\":\"Organization\",\"@id\":\"https:\/\/www.lacoifferie.ch\/#organization\",\"name\":\"La Coifferie par V\u00e9ronique Buchs - salon de coiffure \u00e0 Vevey\",\"url\":\"https:\/\/www.lacoifferie.ch\/\",\"logo\":{\"@type\":\"ImageObject\",\"inLanguage\":\"fr-FR\",\"@id\":\"https:\/\/www.lacoifferie.ch\/#\/schema\/logo\/image\/\",\"url\":\"https:\/\/www.lacoifferie.ch\/new\/wp-content\/uploads\/2014\/09\/logo2017_black-1.png\",\"contentUrl\":\"https:\/\/www.lacoifferie.ch\/new\/wp-content\/uploads\/2014\/09\/logo2017_black-1.png\",\"width\":376,\"height\":190,\"caption\":\"La Coifferie par V\u00e9ronique Buchs - salon de coiffure \u00e0 Vevey\"},\"image\":{\"@id\":\"https:\/\/www.lacoifferie.ch\/#\/schema\/logo\/image\/\"},\"sameAs\":[\"https:\/\/www.facebook.com\/lacoifferievevey\",\"https:\/\/www.instagram.com\/lacoifferievevey\/\"]}]}<\/script>\n<!-- \/ Yoast SEO plugin. -->","yoast_head_json":{"title":"La coloration v\u00e9g\u00e9tale - La Coifferie par V\u00e9ronique Buchs - salon de coiffure \u00e0 Vevey","robots":{"index":"index","follow":"follow","max-snippet":"max-snippet:-1","max-image-preview":"max-image-preview:large","max-video-preview":"max-video-preview:-1"},"canonical":"https:\/\/www.lacoifferie.ch\/?page_id=19951","og_locale":"fr_FR","og_type":"article","og_title":"La coloration v\u00e9g\u00e9tale - La Coifferie par V\u00e9ronique Buchs - salon de coiffure \u00e0 Vevey","og_url":"https:\/\/www.lacoifferie.ch\/?page_id=19951","og_site_name":"La Coifferie par V\u00e9ronique Buchs - salon de coiffure \u00e0 Vevey","article_publisher":"https:\/\/www.facebook.com\/lacoifferievevey","article_modified_time":"2023-12-08T14:32:39+00:00","twitter_card":"summary_large_image","twitter_misc":{"Dur\u00e9e de lecture estim\u00e9e":"8 minutes"},"schema":{"@context":"https:\/\/schema.org","@graph":[{"@type":"WebPage","@id":"https:\/\/www.lacoifferie.ch\/?page_id=19951","url":"https:\/\/www.lacoifferie.ch\/?page_id=19951","name":"La coloration v\u00e9g\u00e9tale - La Coifferie par V\u00e9ronique Buchs - salon de coiffure \u00e0 Vevey","isPartOf":{"@id":"https:\/\/www.lacoifferie.ch\/#website"},"datePublished":"2023-12-08T11:59:17+00:00","dateModified":"2023-12-08T14:32:39+00:00","breadcrumb":{"@id":"https:\/\/www.lacoifferie.ch\/?page_id=19951#breadcrumb"},"inLanguage":"fr-FR","potentialAction":[{"@type":"ReadAction","target":["https:\/\/www.lacoifferie.ch\/?page_id=19951"]}]},{"@type":"BreadcrumbList","@id":"https:\/\/www.lacoifferie.ch\/?page_id=19951#breadcrumb","itemListElement":[{"@type":"ListItem","position":1,"name":"Accueil","item":"https:\/\/www.lacoifferie.ch\/"},{"@type":"ListItem","position":2,"name":"La coloration v\u00e9g\u00e9tale"}]},{"@type":"WebSite","@id":"https:\/\/www.lacoifferie.ch\/#website","url":"https:\/\/www.lacoifferie.ch\/","name":"La Coifferie par V\u00e9ronique Buchs - salon de coiffure \u00e0 Vevey","description":"Pour votre bien \u00eatre ...","publisher":{"@id":"https:\/\/www.lacoifferie.ch\/#organization"},"potentialAction":[{"@type":"SearchAction","target":{"@type":"EntryPoint","urlTemplate":"https:\/\/www.lacoifferie.ch\/?s={search_term_string}"},"query-input":{"@type":"PropertyValueSpecification","valueRequired":true,"valueName":"search_term_string"}}],"inLanguage":"fr-FR"},{"@type":"Organization","@id":"https:\/\/www.lacoifferie.ch\/#organization","name":"La Coifferie par V\u00e9ronique Buchs - salon de coiffure \u00e0 Vevey","url":"https:\/\/www.lacoifferie.ch\/","logo":{"@type":"ImageObject","inLanguage":"fr-FR","@id":"https:\/\/www.lacoifferie.ch\/#\/schema\/logo\/image\/","url":"https:\/\/www.lacoifferie.ch\/new\/wp-content\/uploads\/2014\/09\/logo2017_black-1.png","contentUrl":"https:\/\/www.lacoifferie.ch\/new\/wp-content\/uploads\/2014\/09\/logo2017_black-1.png","width":376,"height":190,"caption":"La Coifferie par V\u00e9ronique Buchs - salon de coiffure \u00e0 Vevey"},"image":{"@id":"https:\/\/www.lacoifferie.ch\/#\/schema\/logo\/image\/"},"sameAs":["https:\/\/www.facebook.com\/lacoifferievevey","https:\/\/www.instagram.com\/lacoifferievevey\/"]}]}},"_links":{"self":[{"href":"https:\/\/www.lacoifferie.ch\/index.php?rest_route=\/wp\/v2\/pages\/19951","targetHints":{"allow":["GET"]}}],"collection":[{"href":"https:\/\/www.lacoifferie.ch\/index.php?rest_route=\/wp\/v2\/pages"}],"about":[{"href":"https:\/\/www.lacoifferie.ch\/index.php?rest_route=\/wp\/v2\/types\/page"}],"author":[{"embeddable":true,"href":"https:\/\/www.lacoifferie.ch\/index.php?rest_route=\/wp\/v2\/users\/3"}],"replies":[{"embeddable":true,"href":"https:\/\/www.lacoifferie.ch\/index.php?rest_route=%2Fwp%2Fv2%2Fcomments&post=19951"}],"version-history":[{"count":46,"href":"https:\/\/www.lacoifferie.ch\/index.php?rest_route=\/wp\/v2\/pages\/19951\/revisions"}],"predecessor-version":[{"id":20058,"href":"https:\/\/www.lacoifferie.ch\/index.php?rest_route=\/wp\/v2\/pages\/19951\/revisions\/20058"}],"wp:attachment":[{"href":"https:\/\/www.lacoifferie.ch\/index.php?rest_route=%2Fwp%2Fv2%2Fmedia&parent=19951"}],"curies":[{"name":"wp","href":"https:\/\/api.w.org\/{rel}","templated":true}]}}