{"id":20109,"date":"2024-01-19T18:07:32","date_gmt":"2024-01-19T16:07:32","guid":{"rendered":"https:\/\/www.lacoifferie.ch\/?page_id=20109"},"modified":"2024-01-19T19:21:25","modified_gmt":"2024-01-19T17:21:25","slug":"reshade-4","status":"publish","type":"page","link":"https:\/\/www.lacoifferie.ch\/?page_id=20109","title":{"rendered":"STMNT"},"content":{"rendered":"<div class=\"wpb-content-wrapper\"><div class=\"vc_row wpb_row section \" style=' text-align:left;'><div class=\" full_section_inner clearfix\"><div class=\"wpb_column vc_column_container vc_col-sm-12\"><div class=\"vc_column-inner\"><div class=\"wpb_wrapper\">\n\t<div class=\"wpb_text_column wpb_content_element \">\n\t\t<div class=\"wpb_wrapper\">\n\t\t\t<h1 style=\"text-align: center;\">STMNT<\/h1>\n<h3 class=\"heading1 hide-if-empty-placeholder apply-margins apply-font-style title__heading\" style=\"text-align: center;\">LES CODES DU SOIN POUR HOMMES SONT R\u00c9INVENT\u00c9S<br \/>\n<b>\u2028<\/b><br \/>\nEnrichi par le savoir-faire et le talent de barbiers reconnus, STMNT est une marque unique qui va au-del\u00e0 du produit. C&rsquo;est une marque qui incarne un univers. C&rsquo;est une communaut\u00e9 d&rsquo;individus ayant une vision audacieuse et authentique. Une communaut\u00e9 d&rsquo;individus d\u00e9fendant leurs valeurs. Une communaut\u00e9 qui honore l&rsquo;artisanat et qui s&rsquo;efforce de d\u00e9passer les limites.<\/h3>\n\n\t\t<\/div> \n\t<\/div> <div class=\"vc_empty_space\"   style=\"height: 20px\"><span class=\"vc_empty_space_inner\"><\/span><\/div>\n\t<div class=\"wpb_single_image wpb_content_element vc_align_center\">\n\t\t<div class=\"wpb_wrapper\">\n\t\t\t\n\t\t\t<div class=\"vc_single_image-wrapper   vc_box_border_grey\"><img loading=\"lazy\" decoding=\"async\" width=\"1150\" height=\"300\" src=\"https:\/\/www.lacoifferie.ch\/new\/wp-content\/uploads\/2024\/01\/STMNT_banner.jpg\" class=\"vc_single_image-img attachment-full\" alt=\"\" title=\"STMNT_banner\" srcset=\"https:\/\/www.lacoifferie.ch\/new\/wp-content\/uploads\/2024\/01\/STMNT_banner.jpg 1150w, https:\/\/www.lacoifferie.ch\/new\/wp-content\/uploads\/2024\/01\/STMNT_banner-300x78.jpg 300w, https:\/\/www.lacoifferie.ch\/new\/wp-content\/uploads\/2024\/01\/STMNT_banner-1024x267.jpg 1024w, https:\/\/www.lacoifferie.ch\/new\/wp-content\/uploads\/2024\/01\/STMNT_banner-768x200.jpg 768w\" sizes=\"auto, (max-width: 1150px) 100vw, 1150px\" \/><\/div>\n\t\t<\/div>\n\t<\/div>\n<\/div><\/div><\/div><\/div><\/div><div     class=\"vc_row wpb_row section \" style=' text-align:left;'><div class=\" full_section_inner clearfix\"><div class=\"wpb_column vc_column_container vc_col-sm-12\"><div class=\"vc_column-inner\"><div class=\"wpb_wrapper\"><div class=\"vc_empty_space\"   style=\"height: 20px\"><span class=\"vc_empty_space_inner\"><\/span><\/div>\n\t<div class=\"wpb_single_image wpb_content_element vc_align_center\">\n\t\t<div class=\"wpb_wrapper\">\n\t\t\t\n\t\t\t<div class=\"vc_single_image-wrapper   vc_box_border_grey\"><img loading=\"lazy\" decoding=\"async\" width=\"1749\" height=\"862\" src=\"https:\/\/www.lacoifferie.ch\/new\/wp-content\/uploads\/2024\/01\/Capture-decran-2024-01-19-a-17.40.15.png\" class=\"vc_single_image-img attachment-full\" alt=\"\" title=\"Capture d\u2019e\u0301cran 2024-01-19 a\u0300 17.40.15\" srcset=\"https:\/\/www.lacoifferie.ch\/new\/wp-content\/uploads\/2024\/01\/Capture-decran-2024-01-19-a-17.40.15.png 1749w, https:\/\/www.lacoifferie.ch\/new\/wp-content\/uploads\/2024\/01\/Capture-decran-2024-01-19-a-17.40.15-300x148.png 300w, https:\/\/www.lacoifferie.ch\/new\/wp-content\/uploads\/2024\/01\/Capture-decran-2024-01-19-a-17.40.15-1024x505.png 1024w, https:\/\/www.lacoifferie.ch\/new\/wp-content\/uploads\/2024\/01\/Capture-decran-2024-01-19-a-17.40.15-768x379.png 768w, https:\/\/www.lacoifferie.ch\/new\/wp-content\/uploads\/2024\/01\/Capture-decran-2024-01-19-a-17.40.15-1536x757.png 1536w, https:\/\/www.lacoifferie.ch\/new\/wp-content\/uploads\/2024\/01\/Capture-decran-2024-01-19-a-17.40.15-1320x651.png 1320w\" sizes=\"auto, (max-width: 1749px) 100vw, 1749px\" \/><\/div>\n\t\t<\/div>\n\t<\/div>\n<div class=\"vc_empty_space\"   style=\"height: 20px\"><span class=\"vc_empty_space_inner\"><\/span><\/div><div     class=\"vc_row wpb_row section vc_inner \" style=' text-align:left;'><div class=\" full_section_inner clearfix\"><div class=\"wpb_column vc_column_container vc_col-sm-6\"><div class=\"vc_column-inner\"><div class=\"wpb_wrapper\">\n\t<div class=\"wpb_single_image wpb_content_element vc_align_center\">\n\t\t<div class=\"wpb_wrapper\">\n\t\t\t\n\t\t\t<div class=\"vc_single_image-wrapper   vc_box_border_grey\"><img loading=\"lazy\" decoding=\"async\" width=\"688\" height=\"689\" src=\"https:\/\/www.lacoifferie.ch\/new\/wp-content\/uploads\/2024\/01\/Capture-decran-2024-01-19-a-17.32.59.png\" class=\"vc_single_image-img attachment-full\" alt=\"\" title=\"Capture d\u2019e\u0301cran 2024-01-19 a\u0300 17.32.59\" srcset=\"https:\/\/www.lacoifferie.ch\/new\/wp-content\/uploads\/2024\/01\/Capture-decran-2024-01-19-a-17.32.59.png 688w, https:\/\/www.lacoifferie.ch\/new\/wp-content\/uploads\/2024\/01\/Capture-decran-2024-01-19-a-17.32.59-300x300.png 300w, https:\/\/www.lacoifferie.ch\/new\/wp-content\/uploads\/2024\/01\/Capture-decran-2024-01-19-a-17.32.59-150x150.png 150w, https:\/\/www.lacoifferie.ch\/new\/wp-content\/uploads\/2024\/01\/Capture-decran-2024-01-19-a-17.32.59-85x85.png 85w, https:\/\/www.lacoifferie.ch\/new\/wp-content\/uploads\/2024\/01\/Capture-decran-2024-01-19-a-17.32.59-550x550.png 550w\" sizes=\"auto, (max-width: 688px) 100vw, 688px\" \/><\/div>\n\t\t<\/div>\n\t<\/div>\n<div class=\"vc_empty_space\"   style=\"height: 20px\"><span class=\"vc_empty_space_inner\"><\/span><\/div>\n\t<div class=\"wpb_text_column wpb_content_element \">\n\t\t<div class=\"wpb_wrapper\">\n\t\t\t<h3>LES PRODUITS DE SOIN STMNT<\/h3>\n<p><strong>UN ASSORTIMENT DE 7 PRODUITS QUI A \u00c9T\u00c9 CON\u00c7U POUR CR\u00c9ER LA BASE PARFAITE DE TON COIFFAGE, QUE TU SOIS EN SALON, CHEZ UN BARBIER OU CHEZ TOI.<\/strong><\/p>\n\n\t\t<\/div> \n\t<\/div> <\/div><\/div><\/div><div class=\"wpb_column vc_column_container vc_col-sm-6\"><div class=\"vc_column-inner\"><div class=\"wpb_wrapper\">\n\t<div class=\"wpb_single_image wpb_content_element vc_align_center\">\n\t\t<div class=\"wpb_wrapper\">\n\t\t\t\n\t\t\t<div class=\"vc_single_image-wrapper   vc_box_border_grey\"><img loading=\"lazy\" decoding=\"async\" width=\"688\" height=\"690\" src=\"https:\/\/www.lacoifferie.ch\/new\/wp-content\/uploads\/2024\/01\/Capture-decran-2024-01-19-a-17.33.11.png\" class=\"vc_single_image-img attachment-full\" alt=\"\" title=\"Capture d\u2019e\u0301cran 2024-01-19 a\u0300 17.33.11\" srcset=\"https:\/\/www.lacoifferie.ch\/new\/wp-content\/uploads\/2024\/01\/Capture-decran-2024-01-19-a-17.33.11.png 688w, https:\/\/www.lacoifferie.ch\/new\/wp-content\/uploads\/2024\/01\/Capture-decran-2024-01-19-a-17.33.11-300x300.png 300w, https:\/\/www.lacoifferie.ch\/new\/wp-content\/uploads\/2024\/01\/Capture-decran-2024-01-19-a-17.33.11-150x150.png 150w, https:\/\/www.lacoifferie.ch\/new\/wp-content\/uploads\/2024\/01\/Capture-decran-2024-01-19-a-17.33.11-85x85.png 85w\" sizes=\"auto, (max-width: 688px) 100vw, 688px\" \/><\/div>\n\t\t<\/div>\n\t<\/div>\n<div class=\"vc_empty_space\"   style=\"height: 20px\"><span class=\"vc_empty_space_inner\"><\/span><\/div>\n\t<div class=\"wpb_text_column wpb_content_element \">\n\t\t<div class=\"wpb_wrapper\">\n\t\t\t<h3>LES COLLECTIONS DE COIFFANTS DES CR\u00c9ATEURS<\/h3>\n<p><strong>TOUS AU SOMMET DE LEUR ART, LES TROIS CR\u00c9ATEURS FONDATEURS ONT INSUFFL\u00c9 LEUR IDENTIT\u00c9 \u00c0 TOUS LES NIVEAUX DE STMNT POUR CR\u00c9ER TROIS COLLECTIONS DE COIFFANTS DISTINCTES, PERSONNALIS\u00c9ES ET DE HAUTE-PERFORMANCE POUR CORRESPONDRE \u00c0 TON STYLE DE VIE.<\/strong><\/p>\n\n\t\t<\/div> \n\t<\/div> <\/div><\/div><\/div><\/div><\/div><div class=\"vc_empty_space\"   style=\"height: 20px\"><span class=\"vc_empty_space_inner\"><\/span><\/div>\n\t<div class=\"wpb_video_widget wpb_content_element vc_clearfix   vc_video-aspect-ratio-169 vc_video-el-width-100 vc_video-align-center\" >\n\t\t<div class=\"wpb_wrapper\">\n\t\t\t\n\t\t\t<div class=\"wpb_video_wrapper\"><iframe loading=\"lazy\" title=\"STMNT GROOMING GOODS\" width=\"500\" height=\"281\" src=\"https:\/\/www.youtube.com\/embed\/34MvgP46Kyg?feature=oembed\" frameborder=\"0\" allow=\"accelerometer; autoplay; clipboard-write; encrypted-media; gyroscope; picture-in-picture; web-share\" referrerpolicy=\"strict-origin-when-cross-origin\" allowfullscreen><\/iframe><\/div>\n\t\t<\/div>\n\t<\/div>\n<div class=\"vc_empty_space\"   style=\"height: 20px\"><span class=\"vc_empty_space_inner\"><\/span><\/div><\/div><\/div><\/div><\/div><\/div>\n<\/div>","protected":false},"excerpt":{"rendered":"STMNT LES CODES DU SOIN POUR HOMMES SONT R\u00c9INVENT\u00c9S \u2028 Enrichi par le savoir-faire et le talent de barbiers reconnus, STMNT est une marque unique qui va au-del\u00e0 du produit. C'est une marque qui incarne un univers. C'est une communaut\u00e9 d'individus ayant une vision audacieuse...","protected":false},"author":3,"featured_media":0,"parent":0,"menu_order":0,"comment_status":"closed","ping_status":"open","template":"","meta":{"footnotes":""},"class_list":["post-20109","page","type-page","status-publish","hentry"],"yoast_head":"<!-- This site is optimized with the Yoast SEO plugin v27.1.1 - https:\/\/yoast.com\/product\/yoast-seo-wordpress\/ -->\n<title>STMNT - La Coifferie par V\u00e9ronique Buchs - salon de coiffure \u00e0 Vevey<\/title>\n<meta name=\"robots\" content=\"index, follow, max-snippet:-1, max-image-preview:large, max-video-preview:-1\" \/>\n<link rel=\"canonical\" href=\"https:\/\/www.lacoifferie.ch\/?page_id=20109\" \/>\n<meta property=\"og:locale\" content=\"fr_FR\" \/>\n<meta property=\"og:type\" content=\"article\" \/>\n<meta property=\"og:title\" content=\"STMNT - La Coifferie par V\u00e9ronique Buchs - salon de coiffure \u00e0 Vevey\" \/>\n<meta property=\"og:url\" content=\"https:\/\/www.lacoifferie.ch\/?page_id=20109\" \/>\n<meta property=\"og:site_name\" content=\"La Coifferie par V\u00e9ronique Buchs - salon de coiffure \u00e0 Vevey\" \/>\n<meta property=\"article:publisher\" content=\"https:\/\/www.facebook.com\/lacoifferievevey\" \/>\n<meta property=\"article:modified_time\" content=\"2024-01-19T17:21:25+00:00\" \/>\n<meta name=\"twitter:card\" content=\"summary_large_image\" \/>\n<meta name=\"twitter:label1\" content=\"Dur\u00e9e de lecture estim\u00e9e\" \/>\n\t<meta name=\"twitter:data1\" content=\"2 minutes\" \/>\n<script type=\"application\/ld+json\" class=\"yoast-schema-graph\">{\"@context\":\"https:\/\/schema.org\",\"@graph\":[{\"@type\":\"WebPage\",\"@id\":\"https:\/\/www.lacoifferie.ch\/?page_id=20109\",\"url\":\"https:\/\/www.lacoifferie.ch\/?page_id=20109\",\"name\":\"STMNT - La Coifferie par V\u00e9ronique Buchs - salon de coiffure \u00e0 Vevey\",\"isPartOf\":{\"@id\":\"https:\/\/www.lacoifferie.ch\/#website\"},\"datePublished\":\"2024-01-19T16:07:32+00:00\",\"dateModified\":\"2024-01-19T17:21:25+00:00\",\"breadcrumb\":{\"@id\":\"https:\/\/www.lacoifferie.ch\/?page_id=20109#breadcrumb\"},\"inLanguage\":\"fr-FR\",\"potentialAction\":[{\"@type\":\"ReadAction\",\"target\":[\"https:\/\/www.lacoifferie.ch\/?page_id=20109\"]}]},{\"@type\":\"BreadcrumbList\",\"@id\":\"https:\/\/www.lacoifferie.ch\/?page_id=20109#breadcrumb\",\"itemListElement\":[{\"@type\":\"ListItem\",\"position\":1,\"name\":\"Accueil\",\"item\":\"https:\/\/www.lacoifferie.ch\/\"},{\"@type\":\"ListItem\",\"position\":2,\"name\":\"STMNT\"}]},{\"@type\":\"WebSite\",\"@id\":\"https:\/\/www.lacoifferie.ch\/#website\",\"url\":\"https:\/\/www.lacoifferie.ch\/\",\"name\":\"La Coifferie par V\u00e9ronique Buchs - salon de coiffure \u00e0 Vevey\",\"description\":\"Pour votre bien \u00eatre ...\",\"publisher\":{\"@id\":\"https:\/\/www.lacoifferie.ch\/#organization\"},\"potentialAction\":[{\"@type\":\"SearchAction\",\"target\":{\"@type\":\"EntryPoint\",\"urlTemplate\":\"https:\/\/www.lacoifferie.ch\/?s={search_term_string}\"},\"query-input\":{\"@type\":\"PropertyValueSpecification\",\"valueRequired\":true,\"valueName\":\"search_term_string\"}}],\"inLanguage\":\"fr-FR\"},{\"@type\":\"Organization\",\"@id\":\"https:\/\/www.lacoifferie.ch\/#organization\",\"name\":\"La Coifferie par V\u00e9ronique Buchs - salon de coiffure \u00e0 Vevey\",\"url\":\"https:\/\/www.lacoifferie.ch\/\",\"logo\":{\"@type\":\"ImageObject\",\"inLanguage\":\"fr-FR\",\"@id\":\"https:\/\/www.lacoifferie.ch\/#\/schema\/logo\/image\/\",\"url\":\"https:\/\/www.lacoifferie.ch\/new\/wp-content\/uploads\/2014\/09\/logo2017_black-1.png\",\"contentUrl\":\"https:\/\/www.lacoifferie.ch\/new\/wp-content\/uploads\/2014\/09\/logo2017_black-1.png\",\"width\":376,\"height\":190,\"caption\":\"La Coifferie par V\u00e9ronique Buchs - salon de coiffure \u00e0 Vevey\"},\"image\":{\"@id\":\"https:\/\/www.lacoifferie.ch\/#\/schema\/logo\/image\/\"},\"sameAs\":[\"https:\/\/www.facebook.com\/lacoifferievevey\",\"https:\/\/www.instagram.com\/lacoifferievevey\/\"]}]}<\/script>\n<!-- \/ Yoast SEO plugin. -->","yoast_head_json":{"title":"STMNT - La Coifferie par V\u00e9ronique Buchs - salon de coiffure \u00e0 Vevey","robots":{"index":"index","follow":"follow","max-snippet":"max-snippet:-1","max-image-preview":"max-image-preview:large","max-video-preview":"max-video-preview:-1"},"canonical":"https:\/\/www.lacoifferie.ch\/?page_id=20109","og_locale":"fr_FR","og_type":"article","og_title":"STMNT - La Coifferie par V\u00e9ronique Buchs - salon de coiffure \u00e0 Vevey","og_url":"https:\/\/www.lacoifferie.ch\/?page_id=20109","og_site_name":"La Coifferie par V\u00e9ronique Buchs - salon de coiffure \u00e0 Vevey","article_publisher":"https:\/\/www.facebook.com\/lacoifferievevey","article_modified_time":"2024-01-19T17:21:25+00:00","twitter_card":"summary_large_image","twitter_misc":{"Dur\u00e9e de lecture estim\u00e9e":"2 minutes"},"schema":{"@context":"https:\/\/schema.org","@graph":[{"@type":"WebPage","@id":"https:\/\/www.lacoifferie.ch\/?page_id=20109","url":"https:\/\/www.lacoifferie.ch\/?page_id=20109","name":"STMNT - La Coifferie par V\u00e9ronique Buchs - salon de coiffure \u00e0 Vevey","isPartOf":{"@id":"https:\/\/www.lacoifferie.ch\/#website"},"datePublished":"2024-01-19T16:07:32+00:00","dateModified":"2024-01-19T17:21:25+00:00","breadcrumb":{"@id":"https:\/\/www.lacoifferie.ch\/?page_id=20109#breadcrumb"},"inLanguage":"fr-FR","potentialAction":[{"@type":"ReadAction","target":["https:\/\/www.lacoifferie.ch\/?page_id=20109"]}]},{"@type":"BreadcrumbList","@id":"https:\/\/www.lacoifferie.ch\/?page_id=20109#breadcrumb","itemListElement":[{"@type":"ListItem","position":1,"name":"Accueil","item":"https:\/\/www.lacoifferie.ch\/"},{"@type":"ListItem","position":2,"name":"STMNT"}]},{"@type":"WebSite","@id":"https:\/\/www.lacoifferie.ch\/#website","url":"https:\/\/www.lacoifferie.ch\/","name":"La Coifferie par V\u00e9ronique Buchs - salon de coiffure \u00e0 Vevey","description":"Pour votre bien \u00eatre ...","publisher":{"@id":"https:\/\/www.lacoifferie.ch\/#organization"},"potentialAction":[{"@type":"SearchAction","target":{"@type":"EntryPoint","urlTemplate":"https:\/\/www.lacoifferie.ch\/?s={search_term_string}"},"query-input":{"@type":"PropertyValueSpecification","valueRequired":true,"valueName":"search_term_string"}}],"inLanguage":"fr-FR"},{"@type":"Organization","@id":"https:\/\/www.lacoifferie.ch\/#organization","name":"La Coifferie par V\u00e9ronique Buchs - salon de coiffure \u00e0 Vevey","url":"https:\/\/www.lacoifferie.ch\/","logo":{"@type":"ImageObject","inLanguage":"fr-FR","@id":"https:\/\/www.lacoifferie.ch\/#\/schema\/logo\/image\/","url":"https:\/\/www.lacoifferie.ch\/new\/wp-content\/uploads\/2014\/09\/logo2017_black-1.png","contentUrl":"https:\/\/www.lacoifferie.ch\/new\/wp-content\/uploads\/2014\/09\/logo2017_black-1.png","width":376,"height":190,"caption":"La Coifferie par V\u00e9ronique Buchs - salon de coiffure \u00e0 Vevey"},"image":{"@id":"https:\/\/www.lacoifferie.ch\/#\/schema\/logo\/image\/"},"sameAs":["https:\/\/www.facebook.com\/lacoifferievevey","https:\/\/www.instagram.com\/lacoifferievevey\/"]}]}},"_links":{"self":[{"href":"https:\/\/www.lacoifferie.ch\/index.php?rest_route=\/wp\/v2\/pages\/20109","targetHints":{"allow":["GET"]}}],"collection":[{"href":"https:\/\/www.lacoifferie.ch\/index.php?rest_route=\/wp\/v2\/pages"}],"about":[{"href":"https:\/\/www.lacoifferie.ch\/index.php?rest_route=\/wp\/v2\/types\/page"}],"author":[{"embeddable":true,"href":"https:\/\/www.lacoifferie.ch\/index.php?rest_route=\/wp\/v2\/users\/3"}],"replies":[{"embeddable":true,"href":"https:\/\/www.lacoifferie.ch\/index.php?rest_route=%2Fwp%2Fv2%2Fcomments&post=20109"}],"version-history":[{"count":18,"href":"https:\/\/www.lacoifferie.ch\/index.php?rest_route=\/wp\/v2\/pages\/20109\/revisions"}],"predecessor-version":[{"id":20133,"href":"https:\/\/www.lacoifferie.ch\/index.php?rest_route=\/wp\/v2\/pages\/20109\/revisions\/20133"}],"wp:attachment":[{"href":"https:\/\/www.lacoifferie.ch\/index.php?rest_route=%2Fwp%2Fv2%2Fmedia&parent=20109"}],"curies":[{"name":"wp","href":"https:\/\/api.w.org\/{rel}","templated":true}]}}